{"id":6078,"date":"2025-12-04T16:30:13","date_gmt":"2025-12-04T16:30:13","guid":{"rendered":"https:\/\/www.escolasabelheira.com\/?page_id=6078"},"modified":"2025-12-09T14:02:37","modified_gmt":"2025-12-09T14:02:37","slug":"erasmus-2","status":"publish","type":"page","link":"https:\/\/www.escolasabelheira.com\/index.php\/erasmus-2\/","title":{"rendered":"Erasmus +"},"content":{"rendered":"\n<p class=\"has-medium-font-size\"><strong>Erasmus+ 2025\/2026<\/strong><\/p>\n\n\n\n<figure class=\"wp-block-image size-full is-resized\"><img decoding=\"async\" width=\"220\" height=\"180\" data-src=\"https:\/\/www.escolasabelheira.com\/wp-content\/uploads\/2025\/12\/erasmus.webp\" alt=\"\" class=\"wp-image-6093 lazyload\" style=\"--smush-placeholder-width: 220px; --smush-placeholder-aspect-ratio: 220\/180;width:298px;height:auto\" src=\"data:image\/svg+xml;base64,PHN2ZyB3aWR0aD0iMSIgaGVpZ2h0PSIxIiB4bWxucz0iaHR0cDovL3d3dy53My5vcmcvMjAwMC9zdmciPjwvc3ZnPg==\" \/><\/figure>\n\n\n\n<p><strong>ENQUADRAMENTO<\/strong><\/p>\n\n\n\n<p>No \u00e2mbito do <strong>Programa Erasmus+<\/strong>, o Agrupamento de Escolas da Abelheira pretende promover a mobilidade de <strong>Docentes e\/ou N\u00e3o Docentes<\/strong>, em institui\u00e7\u00f5es europeias parceiras, para <strong>Cursos de Forma\u00e7\u00e3o estruturados<\/strong>, <strong>atividades de <\/strong><em><strong>Job Shadowing<\/strong><\/em> e em <strong>Mobilidade de Alunos<\/strong>. Estas mobilidades visam refor\u00e7ar as compet\u00eancias profissionais dos professores e do pessoal n\u00e3o docente, promover a inova\u00e7\u00e3o pedag\u00f3gica, a melhoria da qualidade do ensino e da aprendizagem, o contacto com uma l\u00edngua estrangeira em contexto real, a compreens\u00e3o do que significa fazer parte de uma comunidade europeia e a internacionaliza\u00e7\u00e3o do Agrupamento.<\/p>\n\n\n\n<p>Para os alunos, prev\u00ea-se uma mobilidade de curta dura\u00e7\u00e3o para 8 a 12 alunos (preferencialmente dos 13 aos 15 anos), acompanhados por 2\/3 professores, com dura\u00e7\u00e3o at\u00e9 10 dias.<\/p>\n\n\n\n<p><strong>OBJETIVOS DO PROJETO:<\/strong><\/p>\n\n\n\n<p>As mobilidades enquadram-se nos seguintes objetivos estrat\u00e9gicos do projeto Erasmus+ do Agrupamento:<\/p>\n\n\n\n<ul class=\"wp-block-list\">\n<li>Refor\u00e7ar a <strong>dimens\u00e3o europeia da educa\u00e7\u00e3o<\/strong> e a coopera\u00e7\u00e3o entre institui\u00e7\u00f5es escolares.<\/li>\n\n\n\n<li>Promover a <strong>forma\u00e7\u00e3o cont\u00ednua de docentes<\/strong>, nomeadamente em metodologias ativas, compet\u00eancias digitais e pr\u00e1ticas inclusivas.<\/li>\n\n\n\n<li>\u00a0Preparar os alunos para enfrentar os desafios ambientais, promovendo a educa\u00e7\u00e3o para a Sustentabilidade.<\/li>\n\n\n\n<li>\u00a0Melhorar a <strong>qualidade pedag\u00f3gica e organizacional<\/strong> da escola, atrav\u00e9s da partilha de boas pr\u00e1ticas.<\/li>\n\n\n\n<li>Desenvolver compet\u00eancias lingu\u00edsticas e interculturais dos participantes.<\/li>\n\n\n\n<li>Fomentar a dissemina\u00e7\u00e3o e integra\u00e7\u00e3o das aprendizagens no Agrupamento.<\/li>\n<\/ul>\n\n\n\n<p><\/p>\n\n\n\n<p class=\"has-medium-font-size\"><a href=\"https:\/\/www.escolasabelheira.com\/wp-content\/uploads\/2025\/12\/Criterios-de-selecao-alunos.pdf\" target=\"_blank\" rel=\"noreferrer noopener\"><strong>Criterios_de_Sele\u00e7\u00e3o_Alunos<\/strong><\/a><\/p>\n\n\n\n<p class=\"has-medium-font-size\"><a href=\"https:\/\/forms.office.com\/Pages\/ResponsePage.aspx?id=C_mu7xFr4EGqAcOdIfp_aPdGOgp4cFpEoKnNHgfDx-tUNzhXMVE1VDc5WDlVOUVOVVdXRThJTDhZWS4u\" target=\"_blank\" rel=\"noreferrer noopener\"><strong>Formul\u00e1rio de Candidatura_Alunos<\/strong><\/a><\/p>\n\n\n\n<p><\/p>\n\n\n\n<p class=\"has-medium-font-size\"><a href=\"https:\/\/www.escolasabelheira.com\/wp-content\/uploads\/2025\/12\/ErasmusCriterios-de-selecao-de-docentes-e-nao-docentes-1.pdf\" target=\"_blank\" rel=\"noreferrer noopener\"><strong>Crit\u00e9rios_de_Sele\u00e7\u00e3o_Docentes_e_N\u00e3o_Docentes<\/strong><\/a><\/p>\n\n\n\n<p class=\"has-medium-font-size\"><a href=\"https:\/\/forms.office.com\/Pages\/ResponsePage.aspx?id=C_mu7xFr4EGqAcOdIfp_aPdGOgp4cFpEoKnNHgfDx-tUQUNTNFlLNklPOVNYS0VKSkZKWVZUS0NDRS4u\" target=\"_blank\" rel=\"noreferrer noopener\"><strong>Formul\u00e1rio de Candidatura_Docentes_e_N\u00e3o Docentes<\/strong><\/a><\/p>\n\n\n\n<p><\/p>\n","protected":false},"excerpt":{"rendered":"<p>Erasmus+ 2025\/2026 ENQUADRAMENTO No \u00e2mbito do Programa Erasmus+, o Agrupamento de Escolas da Abelheira pretende promover a mobilidade de Docentes e\/ou N\u00e3o Docentes, em institui\u00e7\u00f5es europeias parceiras, para Cursos de Forma\u00e7\u00e3o estruturados, atividades de Job Shadowing e em Mobilidade de Alunos. Estas mobilidades visam refor\u00e7ar as compet\u00eancias profissionais dos professores e do pessoal n\u00e3o docente, [&hellip;]<\/p>\n","protected":false},"author":1,"featured_media":0,"parent":0,"menu_order":0,"comment_status":"closed","ping_status":"closed","template":"","meta":{"footnotes":"","_links_to":"","_links_to_target":""},"class_list":["post-6078","page","type-page","status-publish","hentry"],"_links":{"self":[{"href":"https:\/\/www.escolasabelheira.com\/index.php\/wp-json\/wp\/v2\/pages\/6078","targetHints":{"allow":["GET"]}}],"collection":[{"href":"https:\/\/www.escolasabelheira.com\/index.php\/wp-json\/wp\/v2\/pages"}],"about":[{"href":"https:\/\/www.escolasabelheira.com\/index.php\/wp-json\/wp\/v2\/types\/page"}],"author":[{"embeddable":true,"href":"https:\/\/www.escolasabelheira.com\/index.php\/wp-json\/wp\/v2\/users\/1"}],"replies":[{"embeddable":true,"href":"https:\/\/www.escolasabelheira.com\/index.php\/wp-json\/wp\/v2\/comments?post=6078"}],"version-history":[{"count":0,"href":"https:\/\/www.escolasabelheira.com\/index.php\/wp-json\/wp\/v2\/pages\/6078\/revisions"}],"wp:attachment":[{"href":"https:\/\/www.escolasabelheira.com\/index.php\/wp-json\/wp\/v2\/media?parent=6078"}],"curies":[{"name":"wp","href":"https:\/\/api.w.org\/{rel}","templated":true}]}}