{"id":3639,"date":"2025-04-13T21:45:58","date_gmt":"2025-04-13T21:45:58","guid":{"rendered":"https:\/\/www.escolasabelheira.com\/?page_id=3639"},"modified":"2025-12-05T16:52:07","modified_gmt":"2025-12-05T16:52:07","slug":"pessoal-docente","status":"publish","type":"page","link":"https:\/\/www.escolasabelheira.com\/index.php\/pessoal-docente\/","title":{"rendered":"Pessoal Docente"},"content":{"rendered":"\n<p class=\"has-medium-font-size\">AVALIA\u00c7\u00c3O DE DESEMPENHO<\/p>\n\n\n\n<p class=\"has-medium-font-size\">A calendariza\u00e7\u00e3o do processo de avalia\u00e7\u00e3o do desempenho docente \u00e9 decidida em cada agrupamento de escolas ou escola n\u00e3o agrupada pela sec\u00e7\u00e3o da avalia\u00e7\u00e3o do desempenho docente do conselho pedag\u00f3gico em coordena\u00e7\u00e3o com os avaliadores. (Cfr Art.\u00ba 15\u00ba DR 26\/2012).<\/p>\n\n\n\n<p class=\"has-medium-font-size\"><a href=\"https:\/\/www.escolasabelheira.com\/wp-content\/uploads\/2025\/12\/CALENDARIZACAO_2025_2026.pdf\" data-type=\"attachment\" data-id=\"6085\" target=\"_blank\" rel=\"noreferrer noopener\"><strong>Divulga\u00e7\u00e3o do calend\u00e1rio dos procedimentos de avalia\u00e7\u00e3o para o ano letivo 2025\/2026<\/strong><\/a><\/p>\n\n\n\n<hr class=\"wp-block-separator has-alpha-channel-opacity\"\/>\n\n\n\n<p class=\"has-medium-font-size\">Anualmente, e ap\u00f3s conclus\u00e3o do processo de avalia\u00e7\u00e3o, s\u00e3o divulgados na escola os resultados globais da avalia\u00e7\u00e3o do desempenho mediante informa\u00e7\u00e3o n\u00e3o nominativa contendo o n\u00famero de men\u00e7\u00f5es globalmente atribu\u00eddas ao pessoal docente, bem como o n\u00famero de docentes n\u00e3o sujeitos \u00e0 avalia\u00e7\u00e3o do desempenho. (N\u00ba 3, do Art.\u00ba 49\u00ba do ECD)<\/p>\n\n\n\n<p class=\"has-medium-font-size\"><strong>Avalia\u00e7\u00e3o do Desempenho Pessoal Docente 2024\/2025- <a href=\"https:\/\/www.escolasabelheira.com\/wp-content\/uploads\/2025\/09\/PublicacaoDeDados2425.pdf\" data-type=\"attachment\" data-id=\"5457\" target=\"_blank\" rel=\"noreferrer noopener\">Quadro Resumo<\/a><\/strong><\/p>\n\n\n\n<p><\/p>\n","protected":false},"excerpt":{"rendered":"<p>AVALIA\u00c7\u00c3O DE DESEMPENHO A calendariza\u00e7\u00e3o do processo de avalia\u00e7\u00e3o do desempenho docente \u00e9 decidida em cada agrupamento de escolas ou escola n\u00e3o agrupada pela sec\u00e7\u00e3o da avalia\u00e7\u00e3o do desempenho docente do conselho pedag\u00f3gico em coordena\u00e7\u00e3o com os avaliadores. (Cfr Art.\u00ba 15\u00ba DR 26\/2012). Divulga\u00e7\u00e3o do calend\u00e1rio dos procedimentos de avalia\u00e7\u00e3o para o ano letivo 2025\/2026 [&hellip;]<\/p>\n","protected":false},"author":1,"featured_media":0,"parent":0,"menu_order":0,"comment_status":"closed","ping_status":"closed","template":"","meta":{"footnotes":"","_links_to":"","_links_to_target":""},"class_list":["post-3639","page","type-page","status-publish","hentry"],"_links":{"self":[{"href":"https:\/\/www.escolasabelheira.com\/index.php\/wp-json\/wp\/v2\/pages\/3639","targetHints":{"allow":["GET"]}}],"collection":[{"href":"https:\/\/www.escolasabelheira.com\/index.php\/wp-json\/wp\/v2\/pages"}],"about":[{"href":"https:\/\/www.escolasabelheira.com\/index.php\/wp-json\/wp\/v2\/types\/page"}],"author":[{"embeddable":true,"href":"https:\/\/www.escolasabelheira.com\/index.php\/wp-json\/wp\/v2\/users\/1"}],"replies":[{"embeddable":true,"href":"https:\/\/www.escolasabelheira.com\/index.php\/wp-json\/wp\/v2\/comments?post=3639"}],"version-history":[{"count":0,"href":"https:\/\/www.escolasabelheira.com\/index.php\/wp-json\/wp\/v2\/pages\/3639\/revisions"}],"wp:attachment":[{"href":"https:\/\/www.escolasabelheira.com\/index.php\/wp-json\/wp\/v2\/media?parent=3639"}],"curies":[{"name":"wp","href":"https:\/\/api.w.org\/{rel}","templated":true}]}}