{"id":3282,"date":"2025-01-28T17:09:40","date_gmt":"2025-01-28T17:09:40","guid":{"rendered":"https:\/\/www.escolasabelheira.com\/index.php\/conselho-pedagogico\/"},"modified":"2025-10-28T17:03:04","modified_gmt":"2025-10-28T17:03:04","slug":"conselho-pedagogico","status":"publish","type":"page","link":"https:\/\/www.escolasabelheira.com\/index.php\/conselho-pedagogico\/","title":{"rendered":"Conselho Pedag\u00f3gico"},"content":{"rendered":"\n<details class=\"wp-block-details has-medium-font-size is-layout-flow wp-block-details-is-layout-flow\"><summary>O conselho pedag\u00f3gico \u00e9 o \u00f3rg\u00e3o de coordena\u00e7\u00e3o e supervis\u00e3o pedag\u00f3gica e orienta\u00e7\u00e3o educativa do agrupamento de escolas ou escola n\u00e3o agrupada, nomeadamente nos dom\u00ednios pedag\u00f3gico -did\u00e1tico, da orienta\u00e7\u00e3o e acompanhamento dos alunos e da forma\u00e7\u00e3o inicial e cont\u00ednua do pessoal docente.<\/summary>\n<p><\/p>\n<\/details>\n\n\n\n<h2 class=\"wp-block-heading\">Constitui\u00e7\u00e3o do Conselho Pedag\u00f3gico<\/h2>\n\n\n\n<p><\/p>\n\n\n\n<ul class=\"wp-block-list\">\n<li>Presidente do Conselho Pedag\u00f3gico &#8211; Paulo Sampaio<\/li>\n<\/ul>\n\n\n\n<p><\/p>\n\n\n\n<ul class=\"wp-block-list\">\n<li>Departamento de Ci\u00eancias Sociais e Humanas &#8211; Lu\u00eds Paulo<\/li>\n<\/ul>\n\n\n\n<p><\/p>\n\n\n\n<ul class=\"wp-block-list\">\n<li>Departamento de L\u00ednguas &#8211; Isabel S\u00e1<\/li>\n<\/ul>\n\n\n\n<p><\/p>\n\n\n\n<ul class=\"wp-block-list\">\n<li>Departamento de Matem\u00e1tica e Ci\u00eancias Experimentais &#8211; Anabela Carvalho<\/li>\n<\/ul>\n\n\n\n<p><\/p>\n\n\n\n<ul class=\"wp-block-list\">\n<li>Departamento de Express\u00f5es &#8211; Paulo Castro<\/li>\n<\/ul>\n\n\n\n<p><\/p>\n\n\n\n<ul class=\"wp-block-list\">\n<li>Departamento do 1.\u00ba ciclo &#8211; Domingos Belo<\/li>\n<\/ul>\n\n\n\n<p><\/p>\n\n\n\n<ul class=\"wp-block-list\">\n<li>Departamento de Educa\u00e7\u00e3o Pr\u00e9-escolar &#8211; Carolina Neves<\/li>\n<\/ul>\n\n\n\n<p><\/p>\n\n\n\n<ul class=\"wp-block-list\">\n<li>Departamento de Educa\u00e7\u00e3o Especial &#8211; Carla Pinheiro<\/li>\n<\/ul>\n\n\n\n<p><\/p>\n\n\n\n<ul class=\"wp-block-list\">\n<li>Coordenadora da Biblioteca Escolar &#8211; Isabel Pita<\/li>\n<\/ul>\n\n\n\n<p><\/p>\n\n\n\n<ul class=\"wp-block-list\">\n<li>Coordenador de Diretores de Turma do 2.\u00ba ciclo &#8211; Paula Machado<\/li>\n<\/ul>\n\n\n\n<p><\/p>\n\n\n\n<ul class=\"wp-block-list\">\n<li>Coordenador de Diretores de Turma do 3.\u00ba ciclo- S\u00f3nia Lima<\/li>\n<\/ul>\n\n\n\n<p><\/p>\n\n\n\n<ul class=\"wp-block-list\">\n<li>Coordenador dos Titulares de Turma &#8211; Manuela Silva<\/li>\n<\/ul>\n\n\n\n<p><\/p>\n\n\n\n<ul class=\"wp-block-list\">\n<li>Coordenador de Projetos Educativos Culturais e Recreativos &#8211; Rosa Costa<\/li>\n<\/ul>\n\n\n\n<p><\/p>\n\n\n\n<ul class=\"wp-block-list\">\n<li>Coordenadora de Cidadania e Desenvolvimento &#8211; Carla Ramos<\/li>\n<\/ul>\n\n\n\n<p><\/p>\n","protected":false},"excerpt":{"rendered":"<p>Constitui\u00e7\u00e3o do Conselho Pedag\u00f3gico<\/p>\n","protected":false},"author":1,"featured_media":0,"parent":0,"menu_order":0,"comment_status":"closed","ping_status":"closed","template":"page-templates\/full-width-page.php","meta":{"footnotes":"","_links_to":"","_links_to_target":""},"class_list":["post-3282","page","type-page","status-publish","hentry"],"_links":{"self":[{"href":"https:\/\/www.escolasabelheira.com\/index.php\/wp-json\/wp\/v2\/pages\/3282","targetHints":{"allow":["GET"]}}],"collection":[{"href":"https:\/\/www.escolasabelheira.com\/index.php\/wp-json\/wp\/v2\/pages"}],"about":[{"href":"https:\/\/www.escolasabelheira.com\/index.php\/wp-json\/wp\/v2\/types\/page"}],"author":[{"embeddable":true,"href":"https:\/\/www.escolasabelheira.com\/index.php\/wp-json\/wp\/v2\/users\/1"}],"replies":[{"embeddable":true,"href":"https:\/\/www.escolasabelheira.com\/index.php\/wp-json\/wp\/v2\/comments?post=3282"}],"version-history":[{"count":20,"href":"https:\/\/www.escolasabelheira.com\/index.php\/wp-json\/wp\/v2\/pages\/3282\/revisions"}],"predecessor-version":[{"id":5623,"href":"https:\/\/www.escolasabelheira.com\/index.php\/wp-json\/wp\/v2\/pages\/3282\/revisions\/5623"}],"wp:attachment":[{"href":"https:\/\/www.escolasabelheira.com\/index.php\/wp-json\/wp\/v2\/media?parent=3282"}],"curies":[{"name":"wp","href":"https:\/\/api.w.org\/{rel}","templated":true}]}}