{"id":2902,"date":"2019-05-17T10:40:03","date_gmt":"2019-05-17T10:40:03","guid":{"rendered":"http:\/\/gabi.extendstudio.net\/city\/index.php\/blog\/"},"modified":"2026-04-30T14:23:03","modified_gmt":"2026-04-30T14:23:03","slug":"blog","status":"publish","type":"page","link":"https:\/\/www.escolasabelheira.com\/index.php\/blog\/","title":{"rendered":"Not\u00edcias"},"content":{"rendered":"\n<p class=\"has-text-align-center has-medium-font-size\"><strong>Alunos e professores da Abelheira, em Albi, Fran\u00e7a em projeto Erasmus<\/strong><\/p>\n\n\n\n<p>Entre os dias 12&nbsp; e 17 de abril, um grupo de quinze pessoas do nosso Agrupamento deslocou-se \u00e0 cidade francesa de Albi, para realizar um interc\u00e2mbio escolar no \u00e2mbito do programa Erasmus+, financiado pela Uni\u00e3o Europeia.<\/p>\n\n\n\n<p>Doze alunos e tr\u00eas professores estiveram na cidade, convidados da escola Coll\u00e8ge Honor\u00e9 de Balzac, para v\u00e1rios dias, em que assistiram e participaram em aulas de Ingl\u00eas e de outras disciplinas.<\/p>\n\n\n\n<p>Viveram na escola francesa e puderam conhecer a realidade do seu funcionamento e perceber as diferen\u00e7as e semelhan\u00e7as nas aulas, recreios, cantinas e noutros espa\u00e7os e atividades.<\/p>\n\n\n\n<p>Participaram em aulas e em diversas atividades da escola, um clube de fotografia ou aulas para pais e alunos para quem o Franc\u00eas \u00e9 l\u00edngua n\u00e3o materna.<\/p>\n\n\n\n<p>Muito bem acolhidos pelos colegas, professores e alunos, da escola francesa, visitaram ainda a cidade (Patrim\u00f3nio Mundial), que inclui uma Catedral medieval e uma ponte com perto de mil anos. Conheceram ainda a aldeia medieval de Cordes-sur-ciel.<\/p>\n\n\n\n<p>O centro Hist\u00f3rico \u00e9 um dos mais bem preservados exemplos de cidade medieval da Europa.<\/p>\n\n\n\n<p>O grupo foi ainda recebido e saudado na Mairie (C\u00e2mara&nbsp; Municipal), pela sua Vice-presidente.<\/p>\n\n\n\n<p>O programa Erasmus+ \u00e9 financiado pela Uni\u00e3o Europeia e permite o aumento da coopera\u00e7\u00e3o entre pa\u00edses e povos da europa.<\/p>\n\n\n\n<p>As nossas escolas participam h\u00e1 v\u00e1rios anos.<\/p>\n\n\n\n<p>Quem sabe tu n\u00e3o podes tamb\u00e9m um dia participar num projeto destes? Requisito importante: saber falar bem ingl\u00eas\u2026ou, neste caso, tamb\u00e9m franc\u00eas.<\/p>\n\n\n\n<p>Entretanto, podes ver no v\u00eddeo anexo como \u00e9 a cidade de Albi e a aldeia medieval de Cords-sur-ciel e conhecer no seu <em>site<\/em> a escola que visitamos.<\/p>\n\n\n\n<p>(Fica ainda um v\u00eddeo pra ficares a conhecer o que \u00e9 o programa Erasmus+).<\/p>\n\n\n\n<p><a href=\"https:\/\/youtu.be\/mmlAEH6oRfY?si=r9kb6tCTKU4cMWJb\" target=\"_blank\" rel=\"noreferrer noopener\"><strong>V\u00eddeo cidade de Albi &#8211; Abre-me!<\/strong><\/a><\/p>\n\n\n\n<p><a href=\"https:\/\/youtu.be\/9VKd7AfpjjA?si=8tTblWN8hASL1mo8\" target=\"_blank\" rel=\"noreferrer noopener\"><strong>V\u00eddeo aldeia Cordes-sur-ciel &#8211; Abre-me!<\/strong><\/a><\/p>\n\n\n\n<p><a href=\"https:\/\/honore-de-balzac-albi.mon-ent-occitanie.fr\" target=\"_blank\" rel=\"noreferrer noopener\"><strong>Site da escola Coll\u00e8ge Honor\u00e9 de Balzac<\/strong><\/a><\/p>\n\n\n\n<p><a href=\"https:\/\/erasmus-plus.ec.europa.eu\/pt-pt\/about-erasmus\" target=\"_blank\" rel=\"noreferrer noopener\"><strong>O que \u00e9 o Erasmus+? &#8211; Erasmus+<\/strong><\/a><\/p>\n\n\n\n<figure class=\"wp-block-image size-large is-resized\"><img decoding=\"async\" width=\"1024\" height=\"819\" data-src=\"https:\/\/www.escolasabelheira.com\/wp-content\/uploads\/2026\/04\/Post-De-Montagem-De-Fotos-De-Familia-Branco-e-Preto-1024x819.png\" alt=\"\" class=\"wp-image-6430 lazyload\" style=\"--smush-placeholder-width: 1024px; --smush-placeholder-aspect-ratio: 1024\/819;aspect-ratio:1.2500193234225645;width:374px;height:auto\" data-srcset=\"https:\/\/www.escolasabelheira.com\/wp-content\/uploads\/2026\/04\/Post-De-Montagem-De-Fotos-De-Familia-Branco-e-Preto-1024x819.png 1024w, https:\/\/www.escolasabelheira.com\/wp-content\/uploads\/2026\/04\/Post-De-Montagem-De-Fotos-De-Familia-Branco-e-Preto-300x240.png 300w, https:\/\/www.escolasabelheira.com\/wp-content\/uploads\/2026\/04\/Post-De-Montagem-De-Fotos-De-Familia-Branco-e-Preto-768x614.png 768w, https:\/\/www.escolasabelheira.com\/wp-content\/uploads\/2026\/04\/Post-De-Montagem-De-Fotos-De-Familia-Branco-e-Preto-1536x1229.png 1536w, https:\/\/www.escolasabelheira.com\/wp-content\/uploads\/2026\/04\/Post-De-Montagem-De-Fotos-De-Familia-Branco-e-Preto.png 2000w\" data-sizes=\"(max-width: 1024px) 100vw, 1024px\" src=\"data:image\/svg+xml;base64,PHN2ZyB3aWR0aD0iMSIgaGVpZ2h0PSIxIiB4bWxucz0iaHR0cDovL3d3dy53My5vcmcvMjAwMC9zdmciPjwvc3ZnPg==\" \/><\/figure>\n\n\n\n<p class=\"has-text-align-center has-medium-font-size\"><strong>Olimp\u00edadas de Qu\u00edmica J\u00fanior 2026<\/strong><\/p>\n\n\n\n<p>Os alunos \u00c9rica Sousa (9.\u00ba G), Carlos Viana Rodrigues (9.\u00ba C) e Gabriel Mar Pimenta (9.\u00ba C) participaram nas Olimp\u00edadas de Qu\u00edmica J\u00fanior 2026, que decorreram no passado dia 18 de abril, na Universidade do Minho.<\/p>\n\n\n\n<p>Esta iniciativa, organizada pelo Departamento de Qu\u00edmica da Escola de Ci\u00eancias da UM, em parceria com a Sociedade Portuguesa de Qu\u00edmica, reuniu equipas de v\u00e1rias escolas do pa\u00eds, com o objetivo de promover o interesse pela Qu\u00edmica, estimular o esp\u00edrito cient\u00edfico e aproximar os alunos do ambiente universit\u00e1rio.<\/p>\n\n\n\n<p>A participa\u00e7\u00e3o dos nossos alunos revelou empenho, curiosidade e entusiasmo pela ci\u00eancias, representando a nossa escola com grande dedica\u00e7\u00e3o.&nbsp;<\/p>\n\n\n\n<p>Parab\u00e9ns \u00e0 \u00c9rica, ao Carlos e ao Gabriel pelo excelente desempenho!<\/p>\n\n\n\n<figure class=\"wp-block-image size-large is-resized\"><img decoding=\"async\" width=\"1024\" height=\"819\" data-src=\"https:\/\/www.escolasabelheira.com\/wp-content\/uploads\/2026\/04\/Montagem-de-Fotos-Dia-dos-Pais-Azul-e-Branco-1-1024x819.png\" alt=\"\" class=\"wp-image-6426 lazyload\" style=\"--smush-placeholder-width: 1024px; --smush-placeholder-aspect-ratio: 1024\/819;aspect-ratio:1.2500193234225645;width:393px;height:auto\" data-srcset=\"https:\/\/www.escolasabelheira.com\/wp-content\/uploads\/2026\/04\/Montagem-de-Fotos-Dia-dos-Pais-Azul-e-Branco-1-1024x819.png 1024w, https:\/\/www.escolasabelheira.com\/wp-content\/uploads\/2026\/04\/Montagem-de-Fotos-Dia-dos-Pais-Azul-e-Branco-1-300x240.png 300w, https:\/\/www.escolasabelheira.com\/wp-content\/uploads\/2026\/04\/Montagem-de-Fotos-Dia-dos-Pais-Azul-e-Branco-1-768x614.png 768w, https:\/\/www.escolasabelheira.com\/wp-content\/uploads\/2026\/04\/Montagem-de-Fotos-Dia-dos-Pais-Azul-e-Branco-1-1536x1229.png 1536w, https:\/\/www.escolasabelheira.com\/wp-content\/uploads\/2026\/04\/Montagem-de-Fotos-Dia-dos-Pais-Azul-e-Branco-1.png 2000w\" data-sizes=\"(max-width: 1024px) 100vw, 1024px\" src=\"data:image\/svg+xml;base64,PHN2ZyB3aWR0aD0iMSIgaGVpZ2h0PSIxIiB4bWxucz0iaHR0cDovL3d3dy53My5vcmcvMjAwMC9zdmciPjwvc3ZnPg==\" \/><\/figure>\n\n\n\n<p class=\"has-text-align-center has-medium-font-size\"><strong>Wind Experts &#8211; Ocean Wind<\/strong><\/p>\n\n\n\n<p>A nossa escola viveu v\u00e1rios momentos muito especiais no \u00e2mbito do projeto <em>Wind Experts &#8211; Ocean Wind<\/em>!<\/p>\n\n\n\n<p>No passado dia 26 de mar\u00e7o, realizou-se a exposi\u00e7\u00e3o e triagem das maquetes constru\u00eddas pelos nossos alunos das turmas 5.\u00ba C, 5.\u00ba D, 5.\u00ba E, 5.\u00ba F e 6.\u00ba E, onde se destacou a criatividade, o empenho e o esp\u00edrito de equipa de todos os participantes.&nbsp;<\/p>\n\n\n\n<p>No dia seguinte, teve lugar a cerim\u00f3nia de divulga\u00e7\u00e3o da maquete selecionada, que ir\u00e1 representar a nossa escola na fase final do projeto. A maquete vencedora foi elaborada pelos alunos Alexandre Cunha, \u00cdris Perre, Joana Santos e Laura Pereira, do 5.\u00ba F.&nbsp; &nbsp;<\/p>\n\n\n\n<p>Hoje, dia 24 de abril, realiza-se a Cerim\u00f3nia Final, na Escola Superior de Sa\u00fade do IPVC, que contar\u00e1 com a presen\u00e7a de todos os alunos participantes.&nbsp; Parab\u00e9ns a todos os alunos pelo excelente trabalho desenvolvido e um agradecimento especial aos Encarregados de Educa\u00e7\u00e3o e fam\u00edlias pelo apoio e colabora\u00e7\u00e3o ao longo de todo o processo.<\/p>\n\n\n\n<figure class=\"wp-block-image size-large is-resized\"><img decoding=\"async\" width=\"1024\" height=\"819\" data-src=\"https:\/\/www.escolasabelheira.com\/wp-content\/uploads\/2026\/04\/Beige-Neutral-Portrait-Collage-Photo-Collage-1024x819.png\" alt=\"\" class=\"wp-image-6419 lazyload\" style=\"--smush-placeholder-width: 1024px; --smush-placeholder-aspect-ratio: 1024\/819;aspect-ratio:1.2500193234225645;width:446px;height:auto\" data-srcset=\"https:\/\/www.escolasabelheira.com\/wp-content\/uploads\/2026\/04\/Beige-Neutral-Portrait-Collage-Photo-Collage-1024x819.png 1024w, https:\/\/www.escolasabelheira.com\/wp-content\/uploads\/2026\/04\/Beige-Neutral-Portrait-Collage-Photo-Collage-300x240.png 300w, https:\/\/www.escolasabelheira.com\/wp-content\/uploads\/2026\/04\/Beige-Neutral-Portrait-Collage-Photo-Collage-768x614.png 768w, https:\/\/www.escolasabelheira.com\/wp-content\/uploads\/2026\/04\/Beige-Neutral-Portrait-Collage-Photo-Collage-1536x1229.png 1536w, https:\/\/www.escolasabelheira.com\/wp-content\/uploads\/2026\/04\/Beige-Neutral-Portrait-Collage-Photo-Collage.png 2000w\" data-sizes=\"(max-width: 1024px) 100vw, 1024px\" src=\"data:image\/svg+xml;base64,PHN2ZyB3aWR0aD0iMSIgaGVpZ2h0PSIxIiB4bWxucz0iaHR0cDovL3d3dy53My5vcmcvMjAwMC9zdmciPjwvc3ZnPg==\" \/><\/figure>\n\n\n\n<p class=\"has-text-align-center has-medium-font-size\"><strong>Sess\u00f5es sobre preven\u00e7\u00e3o de comportamentos aditivos<\/strong><\/p>\n\n\n\n<p>Est\u00e3o a decorrer, no Agrupamento de Escolas da Abelheira, sess\u00f5es de sensibiliza\u00e7\u00e3o sobre preven\u00e7\u00e3o de comportamentos aditivos, dirigidas aos alunos do 6.\u00ba e do 9.\u00ba ano.<\/p>\n\n\n\n<p>A iniciativa visa alertar para a import\u00e2ncia de escolhas saud\u00e1veis, promovendo a identifica\u00e7\u00e3o de comportamentos de risco e o desenvolvimento de compet\u00eancias pessoais e sociais.<\/p>\n\n\n\n<p>Com esta a\u00e7\u00e3o, o Agrupamento refor\u00e7a o seu compromisso com a educa\u00e7\u00e3o para a sa\u00fade e o bem-estar dos alunos.<\/p>\n\n\n\n<p class=\"has-text-align-right\">A equipa PES e Coordenadora de Cidadania e Desenvolvimento<\/p>\n\n\n\n<figure class=\"wp-block-image size-large is-resized\"><img decoding=\"async\" width=\"1024\" height=\"819\" data-src=\"https:\/\/www.escolasabelheira.com\/wp-content\/uploads\/2026\/04\/Light-Blue-White-Clean-Grid-Family-Photo-Collage-1024x819.png\" alt=\"\" class=\"wp-image-6415 lazyload\" style=\"--smush-placeholder-width: 1024px; --smush-placeholder-aspect-ratio: 1024\/819;aspect-ratio:1.2500193234225645;width:293px;height:auto\" data-srcset=\"https:\/\/www.escolasabelheira.com\/wp-content\/uploads\/2026\/04\/Light-Blue-White-Clean-Grid-Family-Photo-Collage-1024x819.png 1024w, https:\/\/www.escolasabelheira.com\/wp-content\/uploads\/2026\/04\/Light-Blue-White-Clean-Grid-Family-Photo-Collage-300x240.png 300w, https:\/\/www.escolasabelheira.com\/wp-content\/uploads\/2026\/04\/Light-Blue-White-Clean-Grid-Family-Photo-Collage-768x614.png 768w, https:\/\/www.escolasabelheira.com\/wp-content\/uploads\/2026\/04\/Light-Blue-White-Clean-Grid-Family-Photo-Collage-1536x1229.png 1536w, https:\/\/www.escolasabelheira.com\/wp-content\/uploads\/2026\/04\/Light-Blue-White-Clean-Grid-Family-Photo-Collage.png 2000w\" data-sizes=\"(max-width: 1024px) 100vw, 1024px\" src=\"data:image\/svg+xml;base64,PHN2ZyB3aWR0aD0iMSIgaGVpZ2h0PSIxIiB4bWxucz0iaHR0cDovL3d3dy53My5vcmcvMjAwMC9zdmciPjwvc3ZnPg==\" \/><\/figure>\n\n\n\n<p><\/p>\n\n\n\n<p class=\"has-text-align-center has-large-font-size\"><strong>Pr\u00e9mio Ci\u00eancia Viva<\/strong><\/p>\n\n\n\n<p>Os alunos Levi Cruz e Thalles Carvalho, da turma 6.\u00ba E, que integraram o Clube Ci\u00eancia Viva no ano letivo 2024-2025, participaram no concurso Ci\u00eancia Viva no ano letivo 2025-2026, no qual se destacaram e conquistaram o primeiro lugar.<\/p>\n\n\n\n<p>Este resultado reflete o empenho, a dedica\u00e7\u00e3o e o interesse demonstrados pelos alunos ao longo da sua participa\u00e7\u00e3o no clube, sendo motivo de grande satisfa\u00e7\u00e3o para toda a comunidade escolar.<\/p>\n\n\n\n<p>A entrega do pr\u00e9mio foi realizada pelo Diretor de Turma desse ano letivo, Professor Paulo Correia, que expressou o seu orgulho pelo excelente desempenho e pela forma exemplar como representaram a escola. Parab\u00e9ns aos alunos por esta conquista!<\/p>\n\n\n\n<p class=\"has-text-align-right\">Professora Eug\u00e9nia Costa<\/p>\n\n\n\n<p><\/p>\n\n\n\n<figure class=\"wp-block-image size-large is-resized\"><img decoding=\"async\" width=\"1024\" height=\"819\" data-src=\"https:\/\/www.escolasabelheira.com\/wp-content\/uploads\/2026\/04\/Montagem-de-Fotos-Dia-dos-Pais-Azul-e-Branco-1024x819.png\" alt=\"\" class=\"wp-image-6369 lazyload\" style=\"--smush-placeholder-width: 1024px; --smush-placeholder-aspect-ratio: 1024\/819;width:405px;height:auto\" data-srcset=\"https:\/\/www.escolasabelheira.com\/wp-content\/uploads\/2026\/04\/Montagem-de-Fotos-Dia-dos-Pais-Azul-e-Branco-1024x819.png 1024w, https:\/\/www.escolasabelheira.com\/wp-content\/uploads\/2026\/04\/Montagem-de-Fotos-Dia-dos-Pais-Azul-e-Branco-300x240.png 300w, https:\/\/www.escolasabelheira.com\/wp-content\/uploads\/2026\/04\/Montagem-de-Fotos-Dia-dos-Pais-Azul-e-Branco-768x614.png 768w, https:\/\/www.escolasabelheira.com\/wp-content\/uploads\/2026\/04\/Montagem-de-Fotos-Dia-dos-Pais-Azul-e-Branco-1536x1229.png 1536w, https:\/\/www.escolasabelheira.com\/wp-content\/uploads\/2026\/04\/Montagem-de-Fotos-Dia-dos-Pais-Azul-e-Branco.png 2000w\" data-sizes=\"(max-width: 1024px) 100vw, 1024px\" src=\"data:image\/svg+xml;base64,PHN2ZyB3aWR0aD0iMSIgaGVpZ2h0PSIxIiB4bWxucz0iaHR0cDovL3d3dy53My5vcmcvMjAwMC9zdmciPjwvc3ZnPg==\" \/><\/figure>\n\n\n\n<p><\/p>\n\n\n\n<p><\/p>\n\n\n\n<p class=\"has-text-align-center has-large-font-size\"><strong>Di\u00e1rio das Jornadas da Democracia 2026<\/strong><\/p>\n\n\n\n<p class=\"has-text-align-center has-colibri-color-3-color has-text-color has-link-color has-x-large-font-size wp-elements-57f0ce2a2a6b34f0592ba74a97c23f83\"><a href=\"https:\/\/www.escolasabelheira.com\/wp-content\/uploads\/2026\/04\/Diario-das-Jornadas-da-Democracia_2026.pdf\" target=\"_blank\" rel=\"noreferrer noopener\">Ver aqui!<\/a><\/p>\n\n\n\n<figure class=\"wp-block-image size-full is-resized\"><img decoding=\"async\" width=\"478\" height=\"848\" data-src=\"https:\/\/www.escolasabelheira.com\/wp-content\/uploads\/2026\/04\/image-1.png\" alt=\"\" class=\"wp-image-6365 lazyload\" style=\"--smush-placeholder-width: 478px; --smush-placeholder-aspect-ratio: 478\/848;aspect-ratio:0.5636940612654621;width:279px;height:auto\" data-srcset=\"https:\/\/www.escolasabelheira.com\/wp-content\/uploads\/2026\/04\/image-1.png 478w, https:\/\/www.escolasabelheira.com\/wp-content\/uploads\/2026\/04\/image-1-169x300.png 169w\" data-sizes=\"(max-width: 478px) 100vw, 478px\" src=\"data:image\/svg+xml;base64,PHN2ZyB3aWR0aD0iMSIgaGVpZ2h0PSIxIiB4bWxucz0iaHR0cDovL3d3dy53My5vcmcvMjAwMC9zdmciPjwvc3ZnPg==\" \/><\/figure>\n\n\n\n<p><\/p>\n\n\n\n<p><\/p>\n\n\n\n<p><\/p>\n\n\n\n<p class=\"has-text-align-center has-large-font-size\"><strong>Clica em Seguran\u00e7a j\u00e1 est\u00e1 a acontecer!<\/strong><br><em>Alunos do 6.\u00ba ano aprendem a navegar online com mais cuidado<\/em><\/p>\n\n\n\n<p>Est\u00e1 a decorrer no Agrupamento de Escolas da Abelheira a atividade \u201cClica em Seguran\u00e7a\u201d, dirigida aos alunos do 6.\u00ba ano, no \u00e2mbito do PES e de Cidadania e Desenvolvimento.<\/p>\n\n\n\n<p>A iniciativa tem como objetivo alertar os alunos para os cuidados a ter no uso da internet, desde a prote\u00e7\u00e3o de dados pessoais at\u00e9 aos riscos das redes sociais.<\/p>\n\n\n\n<p>A atividade conta com a colabora\u00e7\u00e3o da PSP, que traz uma perspetiva pr\u00e1tica e pr\u00f3xima da realidade dos alunos, ajudando-os a compreender melhor como se manterem seguros no mundo digital.<\/p>\n\n\n\n<p class=\"has-text-align-right\">A equipa PES e Coordenadora de Cidadania<\/p>\n\n\n\n<figure class=\"wp-block-image size-full is-resized\"><img decoding=\"async\" width=\"940\" height=\"788\" data-src=\"https:\/\/www.escolasabelheira.com\/wp-content\/uploads\/2026\/03\/Azul-Colagem-Simples-Praia-Post-Facebook.png\" alt=\"\" class=\"wp-image-6353 lazyload\" style=\"--smush-placeholder-width: 940px; --smush-placeholder-aspect-ratio: 940\/788;aspect-ratio:1.1929170549860204;width:469px;height:auto\" data-srcset=\"https:\/\/www.escolasabelheira.com\/wp-content\/uploads\/2026\/03\/Azul-Colagem-Simples-Praia-Post-Facebook.png 940w, https:\/\/www.escolasabelheira.com\/wp-content\/uploads\/2026\/03\/Azul-Colagem-Simples-Praia-Post-Facebook-300x251.png 300w, https:\/\/www.escolasabelheira.com\/wp-content\/uploads\/2026\/03\/Azul-Colagem-Simples-Praia-Post-Facebook-768x644.png 768w\" data-sizes=\"(max-width: 940px) 100vw, 940px\" src=\"data:image\/svg+xml;base64,PHN2ZyB3aWR0aD0iMSIgaGVpZ2h0PSIxIiB4bWxucz0iaHR0cDovL3d3dy53My5vcmcvMjAwMC9zdmciPjwvc3ZnPg==\" \/><\/figure>\n\n\n\n<p><\/p>\n\n\n\n<p class=\"has-text-align-center has-large-font-size\"><strong>Canguru Matem\u00e1tico<\/strong><\/p>\n\n\n\n<p>No passado dia 19 de mar\u00e7o, a cantina da Escola EB 2,3 da Abelheira foi palco da realiza\u00e7\u00e3o da prova Canguru&nbsp; Matem\u00e1tico, uma iniciativa que visa promover o gosto pela disciplina e estimular o racioc\u00ednio l\u00f3gico dos alunos.<\/p>\n\n\n\n<p>A atividade contou com a participa\u00e7\u00e3o de 66 alunos do 2.\u00ba ciclo, abrangendo turmas do 5.\u00ba e 6.\u00ba anos de escolaridade. Ao longo da prova, os participantes demonstraram elevado n\u00edvel de empenho, concentra\u00e7\u00e3o e sentido de responsabilidade, refletindo o interesse e a dedica\u00e7\u00e3o com que encararam este desafio.<\/p>\n\n\n\n<p>O concurso Canguru Matem\u00e1tico \u00e9 reconhecido internacionalmente pela sua capacidade de envolver os alunos em problemas desafiantes e apelativos, contribuindo para o desenvolvimento de compet\u00eancias matem\u00e1ticas de forma l\u00fadica. A escola congratula todos os participantes pelo seu desempenho e atitude exemplar, refor\u00e7ando a import\u00e2ncia deste tipo de iniciativas no percurso educativo dos alunos.<\/p>\n\n\n\n<figure class=\"wp-block-image size-large is-resized\"><img decoding=\"async\" width=\"682\" height=\"1024\" data-src=\"https:\/\/www.escolasabelheira.com\/wp-content\/uploads\/2026\/03\/Brown-and-White-Minimalist-Fashion-Photo-Collage-682x1024.png\" alt=\"\" class=\"wp-image-6345 lazyload\" style=\"--smush-placeholder-width: 682px; --smush-placeholder-aspect-ratio: 682\/1024;aspect-ratio:0.6665013637490702;width:321px;height:auto\" data-srcset=\"https:\/\/www.escolasabelheira.com\/wp-content\/uploads\/2026\/03\/Brown-and-White-Minimalist-Fashion-Photo-Collage-682x1024.png 682w, https:\/\/www.escolasabelheira.com\/wp-content\/uploads\/2026\/03\/Brown-and-White-Minimalist-Fashion-Photo-Collage-200x300.png 200w, https:\/\/www.escolasabelheira.com\/wp-content\/uploads\/2026\/03\/Brown-and-White-Minimalist-Fashion-Photo-Collage-768x1152.png 768w, https:\/\/www.escolasabelheira.com\/wp-content\/uploads\/2026\/03\/Brown-and-White-Minimalist-Fashion-Photo-Collage-1024x1536.png 1024w, https:\/\/www.escolasabelheira.com\/wp-content\/uploads\/2026\/03\/Brown-and-White-Minimalist-Fashion-Photo-Collage.png 1333w\" data-sizes=\"(max-width: 682px) 100vw, 682px\" src=\"data:image\/svg+xml;base64,PHN2ZyB3aWR0aD0iMSIgaGVpZ2h0PSIxIiB4bWxucz0iaHR0cDovL3d3dy53My5vcmcvMjAwMC9zdmciPjwvc3ZnPg==\" \/><\/figure>\n\n\n\n<p class=\"has-text-align-center has-medium-font-size\"><strong>Olimp\u00edadas Regionais de F\u00edsica<\/strong><\/p>\n\n\n\n<p>No dia 21 de mar\u00e7o de 2026, os alunos Alexandre Rodrigues, Tiago Viana e Martim Abreu, acompanhados pela professora Anabela Carvalho, participaram nas Olimp\u00edadas Regionais de F\u00edsica, realizadas na Faculdade de Ci\u00eancias da Universidade do Porto (FCUP). Ao longo do evento, realizaram as provas com dedica\u00e7\u00e3o e envolveram-se ativamente nas atividades cient\u00edficas, destacando-se pelo seu entusiasmo, rigor e esp\u00edrito cient\u00edfico, representando de uma forma muito positiva a nossa escola.<\/p>\n\n\n\n<figure class=\"wp-block-image size-large is-resized\"><img decoding=\"async\" width=\"768\" height=\"1024\" data-src=\"https:\/\/www.escolasabelheira.com\/wp-content\/uploads\/2026\/03\/WhatsApp-Image-2026-03-23-at-15.10.54-768x1024.jpeg\" alt=\"\" class=\"wp-image-6342 lazyload\" style=\"--smush-placeholder-width: 768px; --smush-placeholder-aspect-ratio: 768\/1024;width:353px;height:auto\" data-srcset=\"https:\/\/www.escolasabelheira.com\/wp-content\/uploads\/2026\/03\/WhatsApp-Image-2026-03-23-at-15.10.54-768x1024.jpeg 768w, https:\/\/www.escolasabelheira.com\/wp-content\/uploads\/2026\/03\/WhatsApp-Image-2026-03-23-at-15.10.54-225x300.jpeg 225w, https:\/\/www.escolasabelheira.com\/wp-content\/uploads\/2026\/03\/WhatsApp-Image-2026-03-23-at-15.10.54-1152x1536.jpeg 1152w, https:\/\/www.escolasabelheira.com\/wp-content\/uploads\/2026\/03\/WhatsApp-Image-2026-03-23-at-15.10.54.jpeg 1500w\" data-sizes=\"(max-width: 768px) 100vw, 768px\" src=\"data:image\/svg+xml;base64,PHN2ZyB3aWR0aD0iMSIgaGVpZ2h0PSIxIiB4bWxucz0iaHR0cDovL3d3dy53My5vcmcvMjAwMC9zdmciPjwvc3ZnPg==\" \/><\/figure>\n\n\n\n<p class=\"has-text-align-center has-medium-font-size\"><strong>EquaMat EM REDE 2026<\/strong><\/p>\n\n\n\n<p>Na semana de 23 a 27 de fevereiro, 40 alunos do 7.\u00ba ano da Escola B\u00e1sica da Abelheira participaram nas Competi\u00e7\u00f5es Nacionais de Ci\u00eancia em Rede \u2013 EquaMat EM REDE 2026, promovidas pela Universidade de Aveiro.<\/p>\n\n\n\n<p>A nossa escola obteve o 10.\u00ba lugar entre 104 escolas participantes.<\/p>\n\n\n\n<p>Os professores de Matem\u00e1tica felicitam todos os alunos que participaram com muito entusiasmo nesta competi\u00e7\u00e3o.<\/p>\n\n\n\n<p>&nbsp;No dia 29 de abril, ir\u00e1 decorrer a competi\u00e7\u00e3o a n\u00edvel nacional na Universidade de Aveiro.<\/p>\n\n\n\n<p class=\"has-text-align-right\">O Grupo Disciplinar de Matem\u00e1tica<\/p>\n\n\n\n<figure class=\"wp-block-image size-full\"><img decoding=\"async\" width=\"359\" height=\"509\" data-src=\"https:\/\/www.escolasabelheira.com\/wp-content\/uploads\/2026\/03\/image.png\" alt=\"\" class=\"wp-image-6321 lazyload\" data-srcset=\"https:\/\/www.escolasabelheira.com\/wp-content\/uploads\/2026\/03\/image.png 359w, https:\/\/www.escolasabelheira.com\/wp-content\/uploads\/2026\/03\/image-212x300.png 212w\" data-sizes=\"(max-width: 359px) 100vw, 359px\" src=\"data:image\/svg+xml;base64,PHN2ZyB3aWR0aD0iMSIgaGVpZ2h0PSIxIiB4bWxucz0iaHR0cDovL3d3dy53My5vcmcvMjAwMC9zdmciPjwvc3ZnPg==\" style=\"--smush-placeholder-width: 359px; --smush-placeholder-aspect-ratio: 359\/509;\" \/><\/figure>\n\n\n\n<p class=\"has-text-align-center\"><strong>Alunos do 9.\u00ba ano aprendem Suporte B\u00e1sico de Vida<\/strong><br><em>Iniciativa do Projeto Seguran\u00e7a e Preven\u00e7\u00e3o refor\u00e7a compet\u00eancias essenciais em situa\u00e7\u00f5es de emerg\u00eancia<\/em><\/p>\n\n\n\n<p>No \u00e2mbito do Projeto Seguran\u00e7a e Preven\u00e7\u00e3o, est\u00e3o a ser dinamizadas aulas pr\u00e1ticas de Suporte B\u00e1sico de Vida (SBV), dirigidas aos alunos do 9.\u00ba ano deste Agrupamento.<\/p>\n\n\n\n<p>As sess\u00f5es s\u00e3o promovidas em parceria com a Associa\u00e7\u00e3o de Nadadores Salvadores Coordenada Decimal, que contribui com a sua experi\u00eancia&nbsp;na \u00e1rea do salvamento e primeiros socorros. Durante as aulas, os alunos praticam t\u00e9cnicas como a avalia\u00e7\u00e3o da v\u00edtima, a realiza\u00e7\u00e3o de manobras de reanima\u00e7\u00e3o e a atua\u00e7\u00e3o perante diferentes situa\u00e7\u00f5es de risco.<\/p>\n\n\n\n<p>A iniciativa pretende capacitar os alunos para agir de forma r\u00e1pida e segura em contextos de emerg\u00eancia, refor\u00e7ando a import\u00e2ncia destes conhecimentos, que podem fazer a diferen\u00e7a e contribuir para salvar vidas.<\/p>\n\n\n\n<p class=\"has-text-align-right\">Professora Carla Ramos<\/p>\n\n\n\n<figure class=\"wp-block-image size-large is-resized\"><img decoding=\"async\" width=\"683\" height=\"1024\" data-src=\"https:\/\/www.escolasabelheira.com\/wp-content\/uploads\/2026\/03\/Gray-Minimalist-Interior-Mood-Photo-Collage-683x1024.png\" alt=\"\" class=\"wp-image-6312 lazyload\" style=\"--smush-placeholder-width: 683px; --smush-placeholder-aspect-ratio: 683\/1024;aspect-ratio:0.6668403230007814;width:355px;height:auto\" data-srcset=\"https:\/\/www.escolasabelheira.com\/wp-content\/uploads\/2026\/03\/Gray-Minimalist-Interior-Mood-Photo-Collage-683x1024.png 683w, https:\/\/www.escolasabelheira.com\/wp-content\/uploads\/2026\/03\/Gray-Minimalist-Interior-Mood-Photo-Collage-200x300.png 200w, https:\/\/www.escolasabelheira.com\/wp-content\/uploads\/2026\/03\/Gray-Minimalist-Interior-Mood-Photo-Collage-768x1152.png 768w, https:\/\/www.escolasabelheira.com\/wp-content\/uploads\/2026\/03\/Gray-Minimalist-Interior-Mood-Photo-Collage-1024x1536.png 1024w, https:\/\/www.escolasabelheira.com\/wp-content\/uploads\/2026\/03\/Gray-Minimalist-Interior-Mood-Photo-Collage.png 1333w\" data-sizes=\"(max-width: 683px) 100vw, 683px\" src=\"data:image\/svg+xml;base64,PHN2ZyB3aWR0aD0iMSIgaGVpZ2h0PSIxIiB4bWxucz0iaHR0cDovL3d3dy53My5vcmcvMjAwMC9zdmciPjwvc3ZnPg==\" \/><\/figure>\n\n\n\n<p><\/p>\n\n\n\n<p class=\"has-text-align-center has-medium-font-size\"><strong>Visita \u00e0 Escola de Hotelaria e Turismo de Viana do Castelo<\/strong><\/p>\n\n\n\n<p class=\"has-text-align-center\"><strong>Projeto \u201cAlimenta\u00e7\u00e3o saud\u00e1vel\u201d<\/strong><\/p>\n\n\n\n<p>No passado dia 2 de Mar\u00e7o, os alunos de quatro turmas do 6.\u00ba ano da Escola B\u00e1sica de Abelheira realizaram uma visita \u00e0 Escola de Hotelaria e Turismo de Viana do Castelo. Sa\u00edram da escola \u00e0s oito e meia e regressaram ao meio-dia e meia. A turma C do 6\u00ba ano fez a mesma visita na tarde do mesmo dia.<\/p>\n\n\n\n<p>Durante a atividade (um jogo 360.<sup>o<\/sup>) os alunos formaram grupos, cada um com um nome diferente e um ovo para cada grupo guardar sem partir. Quando a atividade come\u00e7ou, cada grupo tinha de se deslocar a cada um dos dez postos (esta\u00e7\u00f5es) e fazer a atividade que lhe correspondia. Cada posto tinha 3 a 4 perguntas para responder e cada pergunta certa correspondia a um ponto. Cada posto representava cada grupo da roda dos alimentos. Tr\u00eas deles diziam respeito \u00e0 \u00e1gua e \u00e0 sustentabilidade. Em certos postos havia atividades diferentes, como andar de bicicleta, provar frutas diferentes e adivinhar qual seria a fruta, separar diferentes tipos de lixo e procurar cart\u00f5es com oito alimentos diferentes desse grupo.<\/p>\n\n\n\n<p>Depois do jogo ter acabado os alunos tiveram direto a um pequeno lanche, onde foram servidos dois tipos de bebida: sumo de laranja e \u00e1gua aromatizada, e tr\u00eas tipos de comida: bola de berlim, tarte de ma\u00e7\u00e3 e um brownie de chocolate, que foram realizados pelos alunos da Escola de Hotelaria.<\/p>\n\n\n\n<p>No final, acumulados os pontos, foram entregues os pr\u00e9mios \u00e0s tr\u00eas equipas vencedoras.<\/p>\n\n\n\n<p>Esta atividade foi realizada no \u00e2mbito do Projeto \u201cAlimenta\u00e7\u00e3o Saud\u00e1vel\u201d, um DAC que envolveu as disciplinas de Ci\u00eancias, ET e Portugu\u00eas, que foi criado para comemorar o Dia Mundial da Alimenta\u00e7\u00e3o.<\/p>\n\n\n\n<p class=\"has-text-align-right\">Leonor Silva Meira &nbsp;6.\u00ba D<\/p>\n\n\n\n<figure class=\"wp-block-image size-large is-resized\"><img decoding=\"async\" width=\"682\" height=\"1024\" data-src=\"https:\/\/www.escolasabelheira.com\/wp-content\/uploads\/2026\/03\/Colorful-Photographic-Diverse-Women-Fashion-Photo-Collage-682x1024.png\" alt=\"\" class=\"wp-image-6306 lazyload\" style=\"--smush-placeholder-width: 682px; --smush-placeholder-aspect-ratio: 682\/1024;aspect-ratio:0.6665013637490702;width:247px;height:auto\" data-srcset=\"https:\/\/www.escolasabelheira.com\/wp-content\/uploads\/2026\/03\/Colorful-Photographic-Diverse-Women-Fashion-Photo-Collage-682x1024.png 682w, https:\/\/www.escolasabelheira.com\/wp-content\/uploads\/2026\/03\/Colorful-Photographic-Diverse-Women-Fashion-Photo-Collage-200x300.png 200w, https:\/\/www.escolasabelheira.com\/wp-content\/uploads\/2026\/03\/Colorful-Photographic-Diverse-Women-Fashion-Photo-Collage-768x1152.png 768w, https:\/\/www.escolasabelheira.com\/wp-content\/uploads\/2026\/03\/Colorful-Photographic-Diverse-Women-Fashion-Photo-Collage-1024x1536.png 1024w, https:\/\/www.escolasabelheira.com\/wp-content\/uploads\/2026\/03\/Colorful-Photographic-Diverse-Women-Fashion-Photo-Collage.png 1333w\" data-sizes=\"(max-width: 682px) 100vw, 682px\" src=\"data:image\/svg+xml;base64,PHN2ZyB3aWR0aD0iMSIgaGVpZ2h0PSIxIiB4bWxucz0iaHR0cDovL3d3dy53My5vcmcvMjAwMC9zdmciPjwvc3ZnPg==\" \/><\/figure>\n\n\n\n<p class=\"has-text-align-center has-large-font-size\"><strong>Todas as gera\u00e7\u00f5es deixam a sua marca!<\/strong><\/p>\n\n\n\n<p>Convidados a desenvolver uma Interven\u00e7\u00e3o Art\u00edstica baseada no lema &#8220;<strong>Todas as gera\u00e7\u00f5es deixam a sua marca!<\/strong>&#8220;, os alunos dos 5.\u00b0 A, B, C e E integraram s\u00edmbolos e \u00edcones do S\u00e9c XXI \u00e0s gravuras\/ pinturas que nos foram deixadas pelos povos primitivos.&nbsp;<\/p>\n\n\n\n<p>Interligando os conte\u00fados das disciplinas de HGP, ET e EV estas crian\u00e7as pesquisaram, fizeram esbo\u00e7os, projetaram e&#8230;CRIARAM!&nbsp;<\/p>\n\n\n\n<p>As suas obras foram compiladas em forma de apresenta\u00e7\u00e3o\/v\u00eddeo que agora se divulga.<\/p>\n\n\n\n<p class=\"has-text-align-right\">Professora Paula Machado<\/p>\n\n\n\n<p class=\"has-text-align-center has-large-font-size\"><a href=\"https:\/\/youtu.be\/fM79dAugK5U\" target=\"_blank\" rel=\"noreferrer noopener\"><strong>V\u00ea aqui!!<\/strong><\/a><\/p>\n\n\n\n<p><\/p>\n\n\n\n<h1 class=\"wp-block-heading has-text-align-center has-medium-font-size\">Agrupamento de Escolas da Abelheira distinguido com o Selo Protetor da CPCJ<\/h1>\n\n\n\n<p>O Agrupamento de Escolas da Abelheira recebeu, recentemente, a bandeira do <strong>Selo Protetor<\/strong>, distin\u00e7\u00e3o atribu\u00edda pela Comiss\u00e3o de Prote\u00e7\u00e3o de Crian\u00e7as e Jovens, reconhecendo o compromisso da nossa comunidade educativa na promo\u00e7\u00e3o e prote\u00e7\u00e3o dos direitos das crian\u00e7as e jovens.<\/p>\n\n\n\n<p>Este reconhecimento evidencia o trabalho cont\u00ednuo que tem vindo a ser desenvolvido na constru\u00e7\u00e3o de um ambiente escolar seguro, atento, inclusivo e promotor do bem-estar de todos os alunos. A articula\u00e7\u00e3o entre o Agrupamento e a CPCJ de Viana do Castelo tem sido eficaz, s\u00f3lida e de extrema import\u00e2ncia, marcada por uma presen\u00e7a constante, disponibilidade e prontid\u00e3o na orienta\u00e7\u00e3o e interven\u00e7\u00e3o sempre que necess\u00e1rio.<\/p>\n\n\n\n<p>No seguimento desta parceria, a CAP foi convidada a integrar a mesa da 2.\u00aa edi\u00e7\u00e3o <strong>\u201cRefletir sobre o passado e perspetivar o futuro\u201d<\/strong>, no \u00e2mbito da II Reuni\u00e3o da Comiss\u00e3o Alargada da Comiss\u00e3o de Prote\u00e7\u00e3o de Crian\u00e7as e Jovens de Viana do Castelo, que decorreu na Biblioteca Municipal de Viana do Castelo.<\/p>\n\n\n\n<p>Este momento constituiu uma oportunidade privilegiada de partilha, reflex\u00e3o e compromisso, onde foi apresentado o trabalho desenvolvido em rede ao longo de 2025 e perspetivadas as iniciativas para 2026, refor\u00e7ando a import\u00e2ncia de uma atua\u00e7\u00e3o correspons\u00e1vel entre escola, fam\u00edlia e comunidade.<\/p>\n\n\n\n<p>Continuaremos empenhados em consolidar pr\u00e1ticas que promovam uma escola cada vez mais protetora, humanizada e centrada nas necessidades das nossas crian\u00e7as e jovens.<\/p>\n\n\n\n<p class=\"has-text-align-right\">Equipa CAP<\/p>\n\n\n\n<figure class=\"wp-block-image size-large is-resized\"><img decoding=\"async\" width=\"682\" height=\"1024\" data-src=\"https:\/\/www.escolasabelheira.com\/wp-content\/uploads\/2026\/03\/Green-Red-Woman-in-Nature-Photo-Collage-682x1024.png\" alt=\"\" class=\"wp-image-6283 lazyload\" style=\"--smush-placeholder-width: 682px; --smush-placeholder-aspect-ratio: 682\/1024;aspect-ratio:0.6660348472698112;width:355px;height:auto\" data-srcset=\"https:\/\/www.escolasabelheira.com\/wp-content\/uploads\/2026\/03\/Green-Red-Woman-in-Nature-Photo-Collage-682x1024.png 682w, https:\/\/www.escolasabelheira.com\/wp-content\/uploads\/2026\/03\/Green-Red-Woman-in-Nature-Photo-Collage-200x300.png 200w, https:\/\/www.escolasabelheira.com\/wp-content\/uploads\/2026\/03\/Green-Red-Woman-in-Nature-Photo-Collage-768x1152.png 768w, https:\/\/www.escolasabelheira.com\/wp-content\/uploads\/2026\/03\/Green-Red-Woman-in-Nature-Photo-Collage-1024x1536.png 1024w, https:\/\/www.escolasabelheira.com\/wp-content\/uploads\/2026\/03\/Green-Red-Woman-in-Nature-Photo-Collage.png 1333w\" data-sizes=\"(max-width: 682px) 100vw, 682px\" src=\"data:image\/svg+xml;base64,PHN2ZyB3aWR0aD0iMSIgaGVpZ2h0PSIxIiB4bWxucz0iaHR0cDovL3d3dy53My5vcmcvMjAwMC9zdmciPjwvc3ZnPg==\" \/><\/figure>\n\n\n\n<p class=\"has-text-align-right\"><\/p>\n\n\n\n<p><\/p>\n\n\n\n<p class=\"has-text-align-center has-large-font-size\"><strong>Vencedores do projeto Jornadas da democracia<\/strong><\/p>\n\n\n\n<figure class=\"wp-block-image size-full\"><img decoding=\"async\" width=\"637\" height=\"192\" data-src=\"https:\/\/www.escolasabelheira.com\/wp-content\/uploads\/2026\/02\/image.png\" alt=\"\" class=\"wp-image-6275 lazyload\" data-srcset=\"https:\/\/www.escolasabelheira.com\/wp-content\/uploads\/2026\/02\/image.png 637w, https:\/\/www.escolasabelheira.com\/wp-content\/uploads\/2026\/02\/image-300x90.png 300w\" data-sizes=\"(max-width: 637px) 100vw, 637px\" src=\"data:image\/svg+xml;base64,PHN2ZyB3aWR0aD0iMSIgaGVpZ2h0PSIxIiB4bWxucz0iaHR0cDovL3d3dy53My5vcmcvMjAwMC9zdmciPjwvc3ZnPg==\" style=\"--smush-placeholder-width: 637px; --smush-placeholder-aspect-ratio: 637\/192;\" \/><\/figure>\n\n\n\n<p>\u00c9 com enorme orgulho que partilhamos uma not\u00edcia que enche toda a comunidade educativa de alegria e satisfa\u00e7\u00e3o.<\/p>\n\n\n\n<p>A primeira edi\u00e7\u00e3o do concurso <strong>\u201cVamos FilmAR a Constitui\u00e7\u00e3o\u201d<\/strong> teve como principal objetivo assinalar os 50 anos da primeira Constitui\u00e7\u00e3o da Rep\u00fablica Portuguesa em regime democr\u00e1tico, aprovada em 1976, e contou com a submiss\u00e3o de 101 candidaturas. Entre elas, um grupo de alunos da turma 9.\u00ba B, que se sagrou vencedor (conjuntamente com outros oito grupos a n\u00edvel nacional) no projeto <strong>\u201cJornadas da Democracia\u201d<\/strong>, uma iniciativa promovida pela Assembleia da Rep\u00fablica e dirigida a alunos do 3.\u00ba ciclo do ensino b\u00e1sico.<\/p>\n\n\n\n<p>O desafio consistia na cria\u00e7\u00e3o de uma curta-metragem sobre um direito consagrado na Constitui\u00e7\u00e3o e os nossos alunos aceitaram-no com criatividade, empenho e sentido c\u00edvico.<\/p>\n\n\n\n<p>O trabalho desenvolvido pelo grupo <strong>\u201cVoz Pr\u00f3pria IV\u201d<\/strong>, constitu\u00eddo pelos alunos Carolina Costa da Silva, Francisca Lu\u00edsa Esperan\u00e7a de Brito, Leonor S\u00e1 Arantes, Jo\u00e3o Pedro Gon\u00e7alves Martins e Mariana Borlido Felgueiras, centrou-se no Artigo 26.\u00ba &#8211; Outros direitos pessoais &#8211; direito \u00e0 Personalidade. O trabalho, Intitulado <strong>\u201cAmanh\u00e3 Ser\u00e1 Melhor\u201d<\/strong>, foi selecionado entre as nove melhores curtas-metragens a n\u00edvel nacional.<\/p>\n\n\n\n<p>Este reconhecimento \u00e9 prova do talento, da dedica\u00e7\u00e3o e da consci\u00eancia social dos nossos alunos.<\/p>\n\n\n\n<p class=\"has-text-align-center\">Convidamos toda a comunidade a assistir ao v\u00eddeo dos nossos alunos:<br><a href=\"https:\/\/youtu.be\/xZfxHLGSa2Asi=PVnnIiPiGS7kGsXJ\" target=\"_blank\" rel=\"noreferrer noopener\"><strong>https:\/\/youtu.be\/xZfxHLGSa2Asi=PVnnIiPiGS7kGsXJ<\/strong><\/a><\/p>\n\n\n\n<p>Como pr\u00e9mio, os alunos e os professores acompanhantes ter\u00e3o a oportunidade de participar nas <strong>Jornadas da Democracia<\/strong>, que decorrer\u00e3o entre os dias 24 e 27 de mar\u00e7o, numa experi\u00eancia educativa \u00fanica no cora\u00e7\u00e3o do parlamento portugu\u00eas.<\/p>\n\n\n\n<p>N\u00e3o pod\u00edamos deixar de partilhar, desde j\u00e1, esta excelente not\u00edcia, que \u00e9 motivo de orgulho para a nossa Escola.<\/p>\n\n\n\n<p class=\"has-text-align-center\"><a href=\"https:\/\/www.parlamento.pt\/Cidadania\/Documents\/ListaCandidaturas_Curtas-Metragens2026.pdf\" target=\"_blank\" rel=\"noreferrer noopener\"><strong>Para consultar a lista completa das escolas premiadas clique aqui!<\/strong><\/a><\/p>\n\n\n\n<p>\ud83d\udc4f Parab\u00e9ns aos vencedores!<\/p>\n\n\n\n<p class=\"has-text-align-right\">Professor Paulo Renato Castro<\/p>\n\n\n\n<figure class=\"wp-block-image size-full is-resized\"><img decoding=\"async\" width=\"201\" height=\"251\" data-src=\"https:\/\/www.escolasabelheira.com\/wp-content\/uploads\/2026\/02\/Jornadas-Democracia.jpg\" alt=\"\" class=\"wp-image-6273 lazyload\" style=\"--smush-placeholder-width: 201px; --smush-placeholder-aspect-ratio: 201\/251;aspect-ratio:0.8008123423629991;width:339px;height:auto\" src=\"data:image\/svg+xml;base64,PHN2ZyB3aWR0aD0iMSIgaGVpZ2h0PSIxIiB4bWxucz0iaHR0cDovL3d3dy53My5vcmcvMjAwMC9zdmciPjwvc3ZnPg==\" \/><\/figure>\n\n\n\n<p><\/p>\n\n\n\n<p><\/p>\n\n\n\n<p class=\"has-text-align-center has-medium-font-size\"><strong>MEGA SPRINTER DISTRITAL<\/strong><\/p>\n\n\n\n<p>No dia 24 de Fevereiro de 2026, os alunos da Escola B\u00e1sica da Abelheira participaram na competi\u00e7\u00e3o do Mega Sprinter Distrital com uma comitiva de 22 alunos, nos escal\u00f5es de INF\/A, INF\/B E INIC, de ambos os g\u00e9neros, dinamizada no est\u00e1dio Manuela Machado.<br>Participaram nas provas de Mega sprint 40m, Mega Km e Mega salto.<br>O resultado final foi bastante positivo. A aluna Juliana Pacheco do 5\u00b0 E classificou-se em 2\u00b0 lugar na prova do Mega Km INF\/A Feminino; o Francisco Lima do 5\u00b0 B classificou-se em 1\u00b0 lugar na prova do Mega Km INF\/A Masculino; o Tiago Novo do 6\u00b0 C classificou-se em 3\u00b0 lugar na prova do Mega Km INF\/B Masculino; a Sara Felgueiras do 8\u00b0 F classificou &#8211; se em 3\u00b0 lugar no Mega Salto INIC Feminino; a Beatriz Mendes do 9\u00b0 G venceu a prova de Mega Sprinter em INIC Feminino e o Vicente Brito alcan\u00e7ou o 2\u00b0 lugar do p\u00f3dio na priva de Mega Sprinter INIC Masculino.<br>Parab\u00e9ns a todos os alunos pelo empenho demonstrado nas provas realizadas.<\/p>\n\n\n\n<figure class=\"wp-block-video\"><video height=\"480\" style=\"aspect-ratio: 848 \/ 480;\" width=\"848\" controls src=\"https:\/\/www.escolasabelheira.com\/wp-content\/uploads\/2026\/02\/WhatsApp-Video-2026-02-25-at-09.36.47.mp4\"><\/video><\/figure>\n\n\n\n<figure class=\"wp-block-image size-large is-resized\"><img decoding=\"async\" width=\"683\" height=\"1024\" data-src=\"https:\/\/www.escolasabelheira.com\/wp-content\/uploads\/2026\/02\/White-Modern-Best-Friend-Photo-Collage-1-683x1024.png\" alt=\"\" class=\"wp-image-6264 lazyload\" style=\"--smush-placeholder-width: 683px; --smush-placeholder-aspect-ratio: 683\/1024;aspect-ratio:0.6669975186104219;width:435px;height:auto\" data-srcset=\"https:\/\/www.escolasabelheira.com\/wp-content\/uploads\/2026\/02\/White-Modern-Best-Friend-Photo-Collage-1-683x1024.png 683w, https:\/\/www.escolasabelheira.com\/wp-content\/uploads\/2026\/02\/White-Modern-Best-Friend-Photo-Collage-1-200x300.png 200w, https:\/\/www.escolasabelheira.com\/wp-content\/uploads\/2026\/02\/White-Modern-Best-Friend-Photo-Collage-1-768x1152.png 768w, https:\/\/www.escolasabelheira.com\/wp-content\/uploads\/2026\/02\/White-Modern-Best-Friend-Photo-Collage-1-1024x1536.png 1024w, https:\/\/www.escolasabelheira.com\/wp-content\/uploads\/2026\/02\/White-Modern-Best-Friend-Photo-Collage-1.png 1333w\" data-sizes=\"(max-width: 683px) 100vw, 683px\" src=\"data:image\/svg+xml;base64,PHN2ZyB3aWR0aD0iMSIgaGVpZ2h0PSIxIiB4bWxucz0iaHR0cDovL3d3dy53My5vcmcvMjAwMC9zdmciPjwvc3ZnPg==\" \/><\/figure>\n\n\n\n<p class=\"has-text-align-center has-large-font-size\"><strong>Dia de S\u00e3o Valentim<\/strong><\/p>\n\n\n\n<p>&#8220;Hoje celebr\u00e1mos o Dia de S. Valentim na nossa escola de uma forma simples, mas com verdadeiro significado.<\/p>\n\n\n\n<p>Os alunos de Ingl\u00eas dos 7.\u00ba anos e das turmas 9.\u00ba A, D e F dedicaram-se \u00e0 elabora\u00e7\u00e3o de postais de agradecimento, lembrando que este dia n\u00e3o se resume a gestos rom\u00e2nticos, mas \u00e9, acima de tudo, uma oportunidade para valorizar a amizade, o respeito e a gratid\u00e3o.<\/p>\n\n\n\n<p>Com criatividade e empenho, os alunos escreveram mensagens sinceras dirigidas a amigos, colegas, professores, funcion\u00e1rios e familiares. Cada postal foi pensado com cuidado, mostrando que as palavras continuam a ter um peso especial quando s\u00e3o escolhidas com inten\u00e7\u00e3o.<\/p>\n\n\n\n<p>Parab\u00e9ns a todos os alunos envolvidos pelo entusiasmo e pelo esp\u00edrito demonstrado. Que a gratid\u00e3o n\u00e3o se celebre apenas hoje, mas ao longo de todo o ano.&#8221;<\/p>\n\n\n\n<p class=\"has-text-align-right\">Professora Ana Rita Silva<\/p>\n\n\n\n<figure class=\"wp-block-image size-large\"><img decoding=\"async\" width=\"576\" height=\"1024\" data-src=\"https:\/\/www.escolasabelheira.com\/wp-content\/uploads\/2026\/02\/Stories-para-Instagram-com-montagem-de-fotos-viagem-simples-branco-1-1-576x1024.png\" alt=\"\" class=\"wp-image-6243 lazyload\" data-srcset=\"https:\/\/www.escolasabelheira.com\/wp-content\/uploads\/2026\/02\/Stories-para-Instagram-com-montagem-de-fotos-viagem-simples-branco-1-1-576x1024.png 576w, https:\/\/www.escolasabelheira.com\/wp-content\/uploads\/2026\/02\/Stories-para-Instagram-com-montagem-de-fotos-viagem-simples-branco-1-1-169x300.png 169w, https:\/\/www.escolasabelheira.com\/wp-content\/uploads\/2026\/02\/Stories-para-Instagram-com-montagem-de-fotos-viagem-simples-branco-1-1-768x1365.png 768w, https:\/\/www.escolasabelheira.com\/wp-content\/uploads\/2026\/02\/Stories-para-Instagram-com-montagem-de-fotos-viagem-simples-branco-1-1-864x1536.png 864w, https:\/\/www.escolasabelheira.com\/wp-content\/uploads\/2026\/02\/Stories-para-Instagram-com-montagem-de-fotos-viagem-simples-branco-1-1.png 1080w\" data-sizes=\"(max-width: 576px) 100vw, 576px\" src=\"data:image\/svg+xml;base64,PHN2ZyB3aWR0aD0iMSIgaGVpZ2h0PSIxIiB4bWxucz0iaHR0cDovL3d3dy53My5vcmcvMjAwMC9zdmciPjwvc3ZnPg==\" style=\"--smush-placeholder-width: 576px; --smush-placeholder-aspect-ratio: 576\/1024;\" \/><\/figure>\n\n\n\n<p class=\"has-text-align-center has-medium-font-size\"><strong>Contornos da Palavra<\/strong><\/p>\n\n\n\n<p>Atividades a ocorrer na escola sede do Agrupamento, no \u00e2mbito dos Contornos da Palavra, iniciativa da C\u00e2mara Municipal de Viana do Castelo, Biblioteca Municipal, com a colabora\u00e7\u00e3o dos professores bibliotec\u00e1rios do concelho.<\/p>\n\n\n\n<figure class=\"wp-block-image size-large\"><img decoding=\"async\" width=\"572\" height=\"1024\" data-src=\"https:\/\/www.escolasabelheira.com\/wp-content\/uploads\/2026\/02\/Info-Contornos-572x1024.png\" alt=\"\" class=\"wp-image-6236 lazyload\" style=\"--smush-placeholder-width: 572px; --smush-placeholder-aspect-ratio: 572\/1024;aspect-ratio:1;object-fit:cover\" data-srcset=\"https:\/\/www.escolasabelheira.com\/wp-content\/uploads\/2026\/02\/Info-Contornos-572x1024.png 572w, https:\/\/www.escolasabelheira.com\/wp-content\/uploads\/2026\/02\/Info-Contornos-167x300.png 167w, https:\/\/www.escolasabelheira.com\/wp-content\/uploads\/2026\/02\/Info-Contornos-768x1376.png 768w, https:\/\/www.escolasabelheira.com\/wp-content\/uploads\/2026\/02\/Info-Contornos-857x1536.png 857w, https:\/\/www.escolasabelheira.com\/wp-content\/uploads\/2026\/02\/Info-Contornos-1143x2048.png 1143w, https:\/\/www.escolasabelheira.com\/wp-content\/uploads\/2026\/02\/Info-Contornos-scaled.png 1429w\" data-sizes=\"(max-width: 572px) 100vw, 572px\" src=\"data:image\/svg+xml;base64,PHN2ZyB3aWR0aD0iMSIgaGVpZ2h0PSIxIiB4bWxucz0iaHR0cDovL3d3dy53My5vcmcvMjAwMC9zdmciPjwvc3ZnPg==\" \/><\/figure>\n\n\n\n<p class=\"has-text-align-center has-medium-font-size\"><strong>Este Agrupamento tem o cora\u00e7\u00e3o no s\u00edtio certo!<\/strong><\/p>\n\n\n\n<p>Encontra-se patente na cantina escolar uma exposi\u00e7\u00e3o de modelos tridimensionais do cora\u00e7\u00e3o humano, elaborados pelos alunos do 9.\u00ba ano do Agrupamento de Escolas da Abelheira, no \u00e2mbito da disciplina de Ci\u00eancias Naturais.<\/p>\n\n\n\n<p>Os trabalhos expostos evidenciam o elevado empenho, dedica\u00e7\u00e3o e criatividade dos alunos, bem como os s\u00f3lidos conhecimentos cient\u00edficos adquiridos ao longo do seu percurso de aprendizagem. Atrav\u00e9s da constru\u00e7\u00e3o destes modelos, foi poss\u00edvel observar uma compreens\u00e3o clara da anatomia e do funcionamento do cora\u00e7\u00e3o, refletindo o rigor cient\u00edfico e o envolvimento ativo dos alunos no processo educativo.<\/p>\n\n\n\n<p>Esta exposi\u00e7\u00e3o reveste-se ainda de um significado especial, uma vez que estes alunos, apesar de n\u00e3o usufru\u00edrem futuramente das novas instala\u00e7\u00f5es escolares, tiveram a honra de ser os primeiros a expor trabalhos na nova \u201cescola\u201d. E est\u00e3o de parab\u00e9ns!<\/p>\n\n\n\n<p class=\"has-text-align-right\">As professoras de Ci\u00eancias Naturais do 9\u00ba ano<\/p>\n\n\n\n<figure class=\"wp-block-video\"><video height=\"1080\" style=\"aspect-ratio: 1920 \/ 1080;\" width=\"1920\" controls src=\"https:\/\/www.escolasabelheira.com\/wp-content\/uploads\/2026\/02\/Exposicao_modelos-coracao-1.mp4\"><\/video><figcaption class=\"wp-element-caption\"><strong>Exposi\u00e7\u00e3o_modelos cora\u00e7\u00e3o<\/strong><\/figcaption><\/figure>\n\n\n\n<p class=\"has-medium-font-size\"><strong>Mudan\u00e7as corporais e aproxima\u00e7\u00f5es abusivas em debate na Escola B\u00e1sica da Abelheira<\/strong><\/p>\n\n\n\n<p>Est\u00e3o a decorrer na Escola B\u00e1sica da Abelheira sess\u00f5es de sensibiliza\u00e7\u00e3o sobre mudan\u00e7as corporais e aproxima\u00e7\u00f5es abusivas, dirigidas aos alunos do 5.\u00ba e 7.\u00ba anos de escolaridade. Estas sess\u00f5es t\u00eam como objetivo promover o autoconhecimento, o respeito pelo corpo e o desenvolvimento de compet\u00eancias para identificar e reagir a comportamentos inadequados ou abusivos.<\/p>\n\n\n\n<p>A iniciativa resulta de uma parceria com o GAF \u2013 Gabinete de Atendimento \u00e0 Fam\u00edlia, que dinamiza as sess\u00f5es de forma adequada \u00e0 faixa et\u00e1ria, promovendo um espa\u00e7o seguro de di\u00e1logo, esclarecimento de d\u00favidas e reflex\u00e3o.<\/p>\n\n\n\n<p>Com estas a\u00e7\u00f5es, a escola refor\u00e7a o seu compromisso com a educa\u00e7\u00e3o para a cidadania, a preven\u00e7\u00e3o e a prote\u00e7\u00e3o das crian\u00e7as e jovens, contribuindo para o seu bem-estar e desenvolvimento saud\u00e1vel.<\/p>\n\n\n\n<p class=\"has-text-align-right\">A Equipa PES e Coordenadora de Cidadania e Desenvolvimento<\/p>\n\n\n\n<figure class=\"wp-block-image size-medium is-resized\"><img decoding=\"async\" width=\"169\" height=\"300\" data-src=\"https:\/\/www.escolasabelheira.com\/wp-content\/uploads\/2026\/01\/Neutral-Elegant-3-Photos-Hand-Drawn-Lines-Instagram-Story-169x300.jpg\" alt=\"\" class=\"wp-image-6204 lazyload\" style=\"--smush-placeholder-width: 169px; --smush-placeholder-aspect-ratio: 169\/300;width:210px;height:auto\" data-srcset=\"https:\/\/www.escolasabelheira.com\/wp-content\/uploads\/2026\/01\/Neutral-Elegant-3-Photos-Hand-Drawn-Lines-Instagram-Story-169x300.jpg 169w, https:\/\/www.escolasabelheira.com\/wp-content\/uploads\/2026\/01\/Neutral-Elegant-3-Photos-Hand-Drawn-Lines-Instagram-Story-576x1024.jpg 576w, https:\/\/www.escolasabelheira.com\/wp-content\/uploads\/2026\/01\/Neutral-Elegant-3-Photos-Hand-Drawn-Lines-Instagram-Story-768x1365.jpg 768w, https:\/\/www.escolasabelheira.com\/wp-content\/uploads\/2026\/01\/Neutral-Elegant-3-Photos-Hand-Drawn-Lines-Instagram-Story-864x1536.jpg 864w, https:\/\/www.escolasabelheira.com\/wp-content\/uploads\/2026\/01\/Neutral-Elegant-3-Photos-Hand-Drawn-Lines-Instagram-Story.jpg 1080w\" data-sizes=\"(max-width: 169px) 100vw, 169px\" src=\"data:image\/svg+xml;base64,PHN2ZyB3aWR0aD0iMSIgaGVpZ2h0PSIxIiB4bWxucz0iaHR0cDovL3d3dy53My5vcmcvMjAwMC9zdmciPjwvc3ZnPg==\" \/><\/figure>\n\n\n\n<p class=\"has-large-font-size\"><strong>Estilos de vida saud\u00e1veis<\/strong><\/p>\n\n\n\n<p>Estiveram a decorrer na Escola B\u00e1sica da Abelheira sess\u00f5es sobre <strong>\u201cEstilos de Vida Saud\u00e1veis\u201d<\/strong>, destinadas aos alunos do 5.\u00ba ano, desenvolvidas em parceria com a Equipa da Sa\u00fade Escolar. Estas sess\u00f5es tiveram como objetivo promover a ado\u00e7\u00e3o de h\u00e1bitos de vida saud\u00e1veis e contribuir para o bem-estar f\u00edsico e emocional dos alunos.<\/p>\n\n\n\n<p class=\"has-text-align-right\">A equipa PES<\/p>\n\n\n\n<figure class=\"wp-block-image size-medium\"><img decoding=\"async\" width=\"210\" height=\"300\" data-src=\"https:\/\/www.escolasabelheira.com\/wp-content\/uploads\/2026\/01\/estilos-de-vida-210x300.png\" alt=\"\" class=\"wp-image-6201 lazyload\" data-srcset=\"https:\/\/www.escolasabelheira.com\/wp-content\/uploads\/2026\/01\/estilos-de-vida-210x300.png 210w, https:\/\/www.escolasabelheira.com\/wp-content\/uploads\/2026\/01\/estilos-de-vida.png 432w\" data-sizes=\"(max-width: 210px) 100vw, 210px\" src=\"data:image\/svg+xml;base64,PHN2ZyB3aWR0aD0iMSIgaGVpZ2h0PSIxIiB4bWxucz0iaHR0cDovL3d3dy53My5vcmcvMjAwMC9zdmciPjwvc3ZnPg==\" style=\"--smush-placeholder-width: 210px; --smush-placeholder-aspect-ratio: 210\/300;\" \/><\/figure>\n\n\n\n<p class=\"has-large-font-size\"><strong>Desporto Escolar<\/strong><\/p>\n\n\n\n<p>O Grupo\/Equipa de T\u00e9nis de Mesa de Iniciados\/Misto da EB 2, 3 da Abelheira foi, no dia 14 de janeiro, \u00e0 Escola B\u00e1sica e Secund\u00e1ria do Vale do \u00c2ncora, em Vila Praia de \u00c2ncora, disputar a 1\u00aa jornada do quadro competitivo do CAE de Viana do Castelo, da s\u00e9rie A.<\/p>\n\n\n\n<p>Numa tarde desportiva bem passada na pr\u00e1tica da modalidade, os nossos alunos empenharam-se em obter os melhores resultados. No g\u00e9nero feminino, as alunas do 7\u00baB Elizaveta Lozina e Raquel Cunha obtiveram o 3\u00ba lugar e 4\u00ba lugar, respetivamente. No g\u00e9nero masculino,  o Duarte Vieira do 6\u00baC ficou em 2\u00ba e o Santiago Carvalhido do 6\u00baD, em 4\u00ba.<\/p>\n\n\n\n<p>Parab\u00e9ns a todos os atletas!&nbsp;<\/p>\n\n\n\n<p class=\"has-text-align-right\">Professor Orlando Gon\u00e7alves<\/p>\n\n\n\n<figure class=\"wp-block-image size-medium is-resized\"><img decoding=\"async\" width=\"300\" height=\"240\" data-src=\"https:\/\/www.escolasabelheira.com\/wp-content\/uploads\/2026\/01\/Montagem-de-Fotos-Dia-dos-Pais-Azul-e-Branco-300x240.png\" alt=\"\" class=\"wp-image-6184 lazyload\" style=\"--smush-placeholder-width: 300px; --smush-placeholder-aspect-ratio: 300\/240;width:385px;height:auto\" data-srcset=\"https:\/\/www.escolasabelheira.com\/wp-content\/uploads\/2026\/01\/Montagem-de-Fotos-Dia-dos-Pais-Azul-e-Branco-300x240.png 300w, https:\/\/www.escolasabelheira.com\/wp-content\/uploads\/2026\/01\/Montagem-de-Fotos-Dia-dos-Pais-Azul-e-Branco-1024x819.png 1024w, https:\/\/www.escolasabelheira.com\/wp-content\/uploads\/2026\/01\/Montagem-de-Fotos-Dia-dos-Pais-Azul-e-Branco-768x614.png 768w, https:\/\/www.escolasabelheira.com\/wp-content\/uploads\/2026\/01\/Montagem-de-Fotos-Dia-dos-Pais-Azul-e-Branco-1536x1229.png 1536w, https:\/\/www.escolasabelheira.com\/wp-content\/uploads\/2026\/01\/Montagem-de-Fotos-Dia-dos-Pais-Azul-e-Branco.png 2000w\" data-sizes=\"(max-width: 300px) 100vw, 300px\" src=\"data:image\/svg+xml;base64,PHN2ZyB3aWR0aD0iMSIgaGVpZ2h0PSIxIiB4bWxucz0iaHR0cDovL3d3dy53My5vcmcvMjAwMC9zdmciPjwvc3ZnPg==\" \/><\/figure>\n\n\n\n<p class=\"has-large-font-size\"><strong>Aldeia de Natal<\/strong><\/p>\n\n\n\n<p>A neve da &#8220;Aldeia de Natal&#8221; do Jardim de Inf\u00e2ncia n\u00b01 ainda n\u00e3o derreteu e ir\u00e1 servir de cen\u00e1rio \u00e0 <\/p>\n\n\n\n<p>&#8221; Cantata para os Av\u00f3s&#8221; que se ir\u00e1 realizar no pr\u00f3ximo dia 30 de janeiro!<\/p>\n\n\n\n<figure class=\"wp-block-image size-medium is-resized\"><img decoding=\"async\" width=\"300\" height=\"240\" data-src=\"https:\/\/www.escolasabelheira.com\/wp-content\/uploads\/2026\/01\/Colagem-fotos-dias-das-maes-mamae-300x240.png\" alt=\"\" class=\"wp-image-6177 lazyload\" style=\"--smush-placeholder-width: 300px; --smush-placeholder-aspect-ratio: 300\/240;width:366px;height:auto\" data-srcset=\"https:\/\/www.escolasabelheira.com\/wp-content\/uploads\/2026\/01\/Colagem-fotos-dias-das-maes-mamae-300x240.png 300w, https:\/\/www.escolasabelheira.com\/wp-content\/uploads\/2026\/01\/Colagem-fotos-dias-das-maes-mamae-1024x819.png 1024w, https:\/\/www.escolasabelheira.com\/wp-content\/uploads\/2026\/01\/Colagem-fotos-dias-das-maes-mamae-768x614.png 768w, https:\/\/www.escolasabelheira.com\/wp-content\/uploads\/2026\/01\/Colagem-fotos-dias-das-maes-mamae-1536x1229.png 1536w, https:\/\/www.escolasabelheira.com\/wp-content\/uploads\/2026\/01\/Colagem-fotos-dias-das-maes-mamae.png 2000w\" data-sizes=\"(max-width: 300px) 100vw, 300px\" src=\"data:image\/svg+xml;base64,PHN2ZyB3aWR0aD0iMSIgaGVpZ2h0PSIxIiB4bWxucz0iaHR0cDovL3d3dy53My5vcmcvMjAwMC9zdmciPjwvc3ZnPg==\" \/><\/figure>\n\n\n\n<p><\/p>\n\n\n\n<p class=\"has-large-font-size\"><strong>Corta-Mato Escolar<\/strong><\/p>\n\n\n\n<p>O Corta-Mato Escolar do Agrupamento de Escolas da Abelheira decorreu no passado dia 7 de Janeiro no Parque Ecol\u00f3gico de Viana do Castelo (CMIA).<\/p>\n\n\n\n<p>Participaram 288 alunos distribu\u00eddos pelos v\u00e1rios escal\u00f5es\/g\u00e9neros. Foram apurados para participar no Corta-Mato Distrital, os seis primeiros de cada escal\u00e3o\/g\u00e9nero que se ir\u00e1 disputar no pr\u00f3ximo dia 21 de janeiro no Est\u00e1dio Municipal Morber em Caminha.<\/p>\n\n\n\n<p>O Agrupamento de Escolas de Abelheira agradece a colabora\u00e7\u00e3o da C\u00e2mara Municipal de Viana do Castelo na ced\u00eancia de transporte para todos os alunos, na disponibiliza\u00e7\u00e3o de materiais importantes na dinamiza\u00e7\u00e3o da atividade, permitir a utiliza\u00e7\u00e3o do Parque Ecol\u00f3gico de Viana do Castelo, que se revelou um cen\u00e1rio extraordin\u00e1rio \u00e0 pr\u00e1tica da modalidade.<\/p>\n\n\n\n<p>Agradece ao Parque Ecol\u00f3gico de Viana do Castelo, na pessoa da Doutora Liliana Vasconcelos, pela amabilidade no acompanhamento na prepara\u00e7\u00e3o e na dinamiza\u00e7\u00e3o do Corta-Mato Escolar.<\/p>\n\n\n\n<p>Os tr\u00eas primeiros classificados de cada escal\u00e3o\/g\u00e9nero foram:<\/p>\n\n\n\n<p>. INFA\/F &#8211; 1\u00ba Juliana Pacheco 5\u00baE; 2\u00ba Alice Novo 5\u00baF; 3\u00ba Ant\u00f3nia Sobral 5\u00baA.<\/p>\n\n\n\n<p>. INFA\/M &#8211; 1\u00ba Francisco Lima 5\u00baB; 2\u00ba Duarte Lima 5\u00baA; 3\u00ba Tom\u00e1s Mendes 5\u00baB.<\/p>\n\n\n\n<p>. INFB\/F &#8211; 1\u00ba Carolina Silva 7\u00baA1; 2\u00ba Ana Pereira 7\u00baC; Mafalda Vaz 6\u00baE.<\/p>\n\n\n\n<p>. INFB\/M &#8211; 1\u00ba Albert Lima; Tiago Novo 6\u00baC; 3\u00ba Duarte Godinho 6\u00baB.<\/p>\n\n\n\n<p>. INIC\/F &#8211; 1\u00ba Ana Amorim 9\u00baA; 2\u00ba Pilar Subtil1, 3\u00ba Carolina Silva.<\/p>\n\n\n\n<p>. INIC\/M &#8211; 1\u00ba Vicente Brito; 2\u00ba Sim\u00e3o Rodrigues; 3\u00ba Bruno Cunha 9\u00baE.<\/p>\n\n\n\n<p>. JUV\/F &#8211; 1\u00ba Giovana Squartecchia; 2\u00ba Mariana Felgueiras; 3\u00ba Beatriz Pereira.<\/p>\n\n\n\n<p>. INIC\/M &#8211; 1\u00ba Andr\u00e9 Lima; 2\u00ba David Alves; 3\u00ba Jo\u00e3o Martins<\/p>\n\n\n\n<p class=\"has-text-align-right\">Professor Orlando Gon\u00e7alves<\/p>\n\n\n\n<figure class=\"wp-block-image size-large\"><img decoding=\"async\" width=\"1024\" height=\"228\" data-src=\"https:\/\/www.escolasabelheira.com\/wp-content\/uploads\/2026\/01\/Imagem-CM-1024x228.jpeg\" alt=\"\" class=\"wp-image-6169 lazyload\" data-srcset=\"https:\/\/www.escolasabelheira.com\/wp-content\/uploads\/2026\/01\/Imagem-CM-1024x228.jpeg 1024w, https:\/\/www.escolasabelheira.com\/wp-content\/uploads\/2026\/01\/Imagem-CM-300x67.jpeg 300w, https:\/\/www.escolasabelheira.com\/wp-content\/uploads\/2026\/01\/Imagem-CM-768x171.jpeg 768w, https:\/\/www.escolasabelheira.com\/wp-content\/uploads\/2026\/01\/Imagem-CM-1536x341.jpeg 1536w, https:\/\/www.escolasabelheira.com\/wp-content\/uploads\/2026\/01\/Imagem-CM.jpeg 2048w\" data-sizes=\"(max-width: 1024px) 100vw, 1024px\" src=\"data:image\/svg+xml;base64,PHN2ZyB3aWR0aD0iMSIgaGVpZ2h0PSIxIiB4bWxucz0iaHR0cDovL3d3dy53My5vcmcvMjAwMC9zdmciPjwvc3ZnPg==\" style=\"--smush-placeholder-width: 1024px; --smush-placeholder-aspect-ratio: 1024\/228;\" \/><\/figure>\n\n\n\n<p><\/p>\n\n\n\n<p class=\"has-medium-font-size\"><em>Os alunos das turmas de 7.\u00ba ano e do 9.\u00ba D e 9.\u00ba F criaram estes postais de Natal nas aulas de Ingl\u00eas, deixando votos simples e sinceros de um Feliz Natal para todos.<\/em><\/p>\n\n\n\n<p class=\"has-large-font-size\"><a href=\"https:\/\/aeabelheira-my.sharepoint.com\/personal\/anasilva_aeabelheira_edu_pt\/_layouts\/15\/stream.aspx?id=%2Fpersonal%2Fanasilva_aeabelheira_edu_pt%2FDocuments%2FAnexos%2FMerry+Christmas+1.mp4&amp;ct=1766394408994&amp;or=Outlook-Body&amp;cid=81990748-8E6B-4A22-9364-46857A1AA97E&amp;ga=1&amp;startedResponseCatch=true&amp;referrer=StreamWebApp.Web&amp;referrerScenario=AddressBarCopied.view.8a152f9c-b19b-437a-bd60-3cb4fcd03788\" target=\"_blank\" rel=\"noreferrer noopener\"><strong>Merry Christmas 1.mp4<\/strong><\/a><\/p>\n\n\n\n<p class=\"has-large-font-size\"><strong>Bullying \u00e9 para fracos<\/strong><\/p>\n\n\n\n<p>Nos dias 27 e 28 de novembro, o Agrupamento de Escolas da Abelheira realizou sess\u00f5es intituladas \u201cBullying \u00e9 para fracos\u201d, organizadas pelo PES e por Cidadania e Desenvolvimento, em parceria com a PSP. As sess\u00f5es, dirigidas aos alunos do 7.\u00ba ano, procuraram sensibilizar para a preven\u00e7\u00e3o do bullying e para a import\u00e2ncia de manter um ambiente escolar seguro, e contaram com a participa\u00e7\u00e3o empenhada dos alunos.<\/p>\n\n\n\n<p class=\"has-text-align-right\">A equipa do PES e Coordenadora de Cidadania e Desenvolvimento<\/p>\n\n\n\n<figure class=\"wp-block-image size-medium\"><img decoding=\"async\" width=\"300\" height=\"240\" data-src=\"https:\/\/www.escolasabelheira.com\/wp-content\/uploads\/2025\/12\/White-and-Ivory-Minimalist-Furniture-Photo-Collage--300x240.png\" alt=\"\" class=\"wp-image-6036 lazyload\" data-srcset=\"https:\/\/www.escolasabelheira.com\/wp-content\/uploads\/2025\/12\/White-and-Ivory-Minimalist-Furniture-Photo-Collage--300x240.png 300w, https:\/\/www.escolasabelheira.com\/wp-content\/uploads\/2025\/12\/White-and-Ivory-Minimalist-Furniture-Photo-Collage--1024x819.png 1024w, https:\/\/www.escolasabelheira.com\/wp-content\/uploads\/2025\/12\/White-and-Ivory-Minimalist-Furniture-Photo-Collage--768x614.png 768w, https:\/\/www.escolasabelheira.com\/wp-content\/uploads\/2025\/12\/White-and-Ivory-Minimalist-Furniture-Photo-Collage--1536x1229.png 1536w, https:\/\/www.escolasabelheira.com\/wp-content\/uploads\/2025\/12\/White-and-Ivory-Minimalist-Furniture-Photo-Collage-.png 2000w\" data-sizes=\"(max-width: 300px) 100vw, 300px\" src=\"data:image\/svg+xml;base64,PHN2ZyB3aWR0aD0iMSIgaGVpZ2h0PSIxIiB4bWxucz0iaHR0cDovL3d3dy53My5vcmcvMjAwMC9zdmciPjwvc3ZnPg==\" style=\"--smush-placeholder-width: 300px; --smush-placeholder-aspect-ratio: 300\/240;\" \/><\/figure>\n\n\n\n<p class=\"has-large-font-size\"><strong>Um La\u00e7o em Troca de um Pequeno Gesto<\/strong><\/p>\n\n\n\n<p>A Delega\u00e7\u00e3o de Barcelos da Liga Portuguesa Contra o Cancro deseja expressar o mais profundo agradecimento pela extraordin\u00e1ria colabora\u00e7\u00e3o das vossas escolas no projeto \u201cUm La\u00e7o em Troca de um Pequeno Gesto\u201d. Mais uma vez, professores, assistentes operacionais, crian\u00e7as e fam\u00edlias demonstraram que a educa\u00e7\u00e3o vai muito al\u00e9m da sala de aula: educa-se para a cidadania, para a solidariedade e para a consci\u00eancia sobre a preven\u00e7\u00e3o do cancro da mama. Cada la\u00e7o oferecido transformou-se numa mensagem de cuidado; cada gesto, por mais simples que fosse, ganhou significado e impacto real na nossa miss\u00e3o. Gra\u00e7as ao empenho de toda a comunidade educativa, foi poss\u00edvel ampliar a sensibiliza\u00e7\u00e3o e contribuir para o apoio direto aos doentes oncol\u00f3gicos do nosso concelho.  Em nome da Delega\u00e7\u00e3o de Barcelos, deixamos o nosso sincero obrigado pela vossa disponibilidade, sensibilidade e dedica\u00e7\u00e3o. \u00c9 inspirador saber que contamos com escolas que acreditam que pequenos gestos podem, de facto, transformar vidas.<\/p>\n\n\n\n<p class=\"has-text-align-right\">Liga Portuguesa Contra o Cancro<\/p>\n\n\n\n<figure class=\"wp-block-image size-medium\"><img decoding=\"async\" width=\"300\" height=\"211\" data-src=\"https:\/\/www.escolasabelheira.com\/wp-content\/uploads\/2025\/12\/LPCC-300x211.png\" alt=\"\" class=\"wp-image-6026 lazyload\" data-srcset=\"https:\/\/www.escolasabelheira.com\/wp-content\/uploads\/2025\/12\/LPCC-300x211.png 300w, https:\/\/www.escolasabelheira.com\/wp-content\/uploads\/2025\/12\/LPCC-1024x719.png 1024w, https:\/\/www.escolasabelheira.com\/wp-content\/uploads\/2025\/12\/LPCC-768x539.png 768w, https:\/\/www.escolasabelheira.com\/wp-content\/uploads\/2025\/12\/LPCC.png 1353w\" data-sizes=\"(max-width: 300px) 100vw, 300px\" src=\"data:image\/svg+xml;base64,PHN2ZyB3aWR0aD0iMSIgaGVpZ2h0PSIxIiB4bWxucz0iaHR0cDovL3d3dy53My5vcmcvMjAwMC9zdmciPjwvc3ZnPg==\" style=\"--smush-placeholder-width: 300px; --smush-placeholder-aspect-ratio: 300\/211;\" \/><\/figure>\n\n\n\n<p><\/p>\n\n\n\n<p><\/p>\n\n\n\n<p class=\"has-large-font-size\"><strong>Conselho Municipal de Educa\u00e7\u00e3o<\/strong><\/p>\n\n\n\n<p>Elei\u00e7\u00e3o dos representantes do pessoal docente &#8211; <a href=\"https:\/\/www.escolasabelheira.com\/wp-content\/uploads\/2025\/12\/CME_RegulaEleitoral.pdf\" data-type=\"attachment\" data-id=\"6011\" target=\"_blank\" rel=\"noreferrer noopener\">Regulamento <\/a><\/p>\n\n\n\n<p><\/p>\n\n\n\n<p class=\"has-large-font-size\"><strong>Sexualidade<\/strong><\/p>\n\n\n\n<p>O Programa de Educa\u00e7\u00e3o para a Sa\u00fade (PES), em parceria com o Equipa de Sa\u00fade Escolar, est\u00e1 a promover sess\u00f5es sobre sexualidade para os alunos do 9.\u00ba ano.<\/p>\n\n\n\n<p>Estas sess\u00f5es pretendem refor\u00e7ar conhecimentos sobre sa\u00fade sexual e reprodutiva, incentivar comportamentos respons\u00e1veis e proporcionar um espa\u00e7o seguro para esclarecer d\u00favidas. A iniciativa integra o plano anual do PES e conta com a colabora\u00e7\u00e3o de profissionais especializados, garantindo uma abordagem adequada \u00e0 idade dos alunos.<\/p>\n\n\n\n<p>A equipa do PES<\/p>\n\n\n\n<figure class=\"wp-block-image size-medium\"><img decoding=\"async\" width=\"219\" height=\"300\" data-src=\"https:\/\/www.escolasabelheira.com\/wp-content\/uploads\/2025\/11\/sexulalidade-219x300.png\" alt=\"\" class=\"wp-image-5932 lazyload\" data-srcset=\"https:\/\/www.escolasabelheira.com\/wp-content\/uploads\/2025\/11\/sexulalidade-219x300.png 219w, https:\/\/www.escolasabelheira.com\/wp-content\/uploads\/2025\/11\/sexulalidade.png 679w\" data-sizes=\"(max-width: 219px) 100vw, 219px\" src=\"data:image\/svg+xml;base64,PHN2ZyB3aWR0aD0iMSIgaGVpZ2h0PSIxIiB4bWxucz0iaHR0cDovL3d3dy53My5vcmcvMjAwMC9zdmciPjwvc3ZnPg==\" style=\"--smush-placeholder-width: 219px; --smush-placeholder-aspect-ratio: 219\/300;\" \/><\/figure>\n\n\n\n<h2 class=\"wp-block-heading\">A Escola da Abelheira recebe o Selo \u201cEscola Sem Bullying | Escola Sem Viol\u00eancia\u201d<\/h2>\n\n\n\n<p>O nosso Agrupamento foi distinguido pela Dire\u00e7\u00e3o-Geral da Educa\u00e7\u00e3o com o <strong>Selo \u201cEscola Sem Bullying | Escola Sem Viol\u00eancia\u201d<\/strong>, reconhecendo o trabalho desenvolvido na promo\u00e7\u00e3o do bem-estar, da inclus\u00e3o e da conviv\u00eancia pac\u00edfica no ambiente escolar.<\/p>\n\n\n\n<p>Esta certifica\u00e7\u00e3o resulta da implementa\u00e7\u00e3o, ao longo do ano letivo <strong>2024\/2025<\/strong>, de um <strong>Plano de Preven\u00e7\u00e3o e Combate ao Bullying e ao Ciberbullying<\/strong>, que envolveu toda a comunidade educativa em pr\u00e1ticas quotidianas de respeito, empatia e n\u00e3o discrimina\u00e7\u00e3o.<\/p>\n\n\n\n<p>O selo, atribu\u00eddo pela <strong>Comiss\u00e3o de Acompanhamento do Combate ao Bullying e ao Ciberbullying nas Escolas<\/strong>, \u00e9 um testemunho do <strong>compromisso coletivo da Escola da Abelheira<\/strong> em garantir um espa\u00e7o seguro e saud\u00e1vel para todos os alunos, promovendo uma cultura de <strong>afeto, di\u00e1logo e paz<\/strong>.<\/p>\n\n\n\n<p>A Dire\u00e7\u00e3o-Geral da Educa\u00e7\u00e3o, atrav\u00e9s do seu Diretor-Geral, <strong>David Sousa<\/strong>, felicitou a escola por esta distin\u00e7\u00e3o, sublinhando que o reconhecimento \u201c\u00e9 o reflexo do compromisso e esfor\u00e7o cont\u00ednuo da Comunidade Educativa em promover um ambiente escolar de bem-estar, prop\u00edcio ao desenvolvimento integral de crian\u00e7as e jovens.\u201d<\/p>\n\n\n\n<p>E este \u00e9 o caminho que continuar\u00e1 a inspirar o Agrupamento da Abelheira no caminho da educa\u00e7\u00e3o para o respeito, a empatia e a cidadania.<\/p>\n\n\n\n<figure class=\"wp-block-image size-medium\"><img decoding=\"async\" width=\"300\" height=\"212\" data-src=\"https:\/\/www.escolasabelheira.com\/wp-content\/uploads\/2025\/11\/certificado-bullying-300x212.png\" alt=\"\" class=\"wp-image-5869 lazyload\" data-srcset=\"https:\/\/www.escolasabelheira.com\/wp-content\/uploads\/2025\/11\/certificado-bullying-300x212.png 300w, https:\/\/www.escolasabelheira.com\/wp-content\/uploads\/2025\/11\/certificado-bullying-768x542.png 768w, https:\/\/www.escolasabelheira.com\/wp-content\/uploads\/2025\/11\/certificado-bullying.png 915w\" data-sizes=\"(max-width: 300px) 100vw, 300px\" src=\"data:image\/svg+xml;base64,PHN2ZyB3aWR0aD0iMSIgaGVpZ2h0PSIxIiB4bWxucz0iaHR0cDovL3d3dy53My5vcmcvMjAwMC9zdmciPjwvc3ZnPg==\" style=\"--smush-placeholder-width: 300px; --smush-placeholder-aspect-ratio: 300\/212;\" \/><\/figure>\n\n\n\n<p><\/p>\n\n\n\n<p><\/p>\n\n\n\n<p><strong>Sess\u00f5es sobre \u201cEmo\u00e7\u00f5es\u201d dinamizadas no 4.\u00ba ano do Agrupamento de Escolas da Abelheira<\/strong><\/p>\n\n\n\n<p>Est\u00e3o a decorrer sess\u00f5es dedicadas ao tema \u201cEmo\u00e7\u00f5es\u201d com todas as turmas do 4.\u00ba ano das escolas do 1.\u00ba ciclo do Agrupamento de Escolas da Abelheira \u2014 EB1 da Abelheira, EB1 do Calv\u00e1rio e EB1 da Igreja.<\/p>\n\n\n\n<p>Estas sess\u00f5es, promovidas pelo PES em parceria com a Sa\u00fade Escolar, t\u00eam como objetivo desenvolver o bem-estar emocional dos alunos do 4.\u00ba ano, ajudando-os a reconhecer, compreender e expressar emo\u00e7\u00f5es e encontrar estrat\u00e9gias para lidar com situa\u00e7\u00f5es do dia a dia.<\/p>\n\n\n\n<p class=\"has-text-align-right\">A equipa do PES<\/p>\n\n\n\n<figure class=\"wp-block-image size-medium\"><img decoding=\"async\" width=\"231\" height=\"300\" data-src=\"https:\/\/www.escolasabelheira.com\/wp-content\/uploads\/2025\/11\/emocoes-231x300.png\" alt=\"\" class=\"wp-image-5844 lazyload\" data-srcset=\"https:\/\/www.escolasabelheira.com\/wp-content\/uploads\/2025\/11\/emocoes-231x300.png 231w, https:\/\/www.escolasabelheira.com\/wp-content\/uploads\/2025\/11\/emocoes.png 449w\" data-sizes=\"(max-width: 231px) 100vw, 231px\" src=\"data:image\/svg+xml;base64,PHN2ZyB3aWR0aD0iMSIgaGVpZ2h0PSIxIiB4bWxucz0iaHR0cDovL3d3dy53My5vcmcvMjAwMC9zdmciPjwvc3ZnPg==\" style=\"--smush-placeholder-width: 231px; --smush-placeholder-aspect-ratio: 231\/300;\" \/><\/figure>\n\n\n\n<p><\/p>\n\n\n\n<p><\/p>\n\n\n\n<p><strong>A 1\u00aa sess\u00e3o de partilha de saberes, acesso \u00e0 plataforma Office 365 e suas aplica\u00e7\u00f5es, &nbsp;realizou-se hoje, em esp\u00edrito de voluntariado, &nbsp;numa articula\u00e7\u00e3o entre um grupo de alunos 8.\u00ba B da escola b\u00e1sica eb 2 3 &nbsp;da Abelheira, e as turmas do 4\u00baB e 4\u00baC da escola EB1 Abelheira.<\/strong><\/p>\n\n\n\n<p>Esta atividade tem como objetivo principal passagem de conhecimentos adquiridos na disciplina de TIC, e ainda fortalecer la\u00e7os entre os diferentes n\u00edveis de ensino, incentivando a coopera\u00e7\u00e3o e o apoio m\u00fatuo entre os estudantes. Nesta fase est\u00e3o agendadas 4 sess\u00f5es.<\/p>\n\n\n\n<p>A iniciativa foi <strong>supervisionada e orientada pela coordenadora e docente da disciplina de TIC, professora Maria do C\u00e9u Rodrigues<\/strong>, que destacou a import\u00e2ncia deste tipo de experi\u00eancias pedag\u00f3gicas:<\/p>\n\n\n\n<p>\u201cMais do que ensinar inform\u00e1tica, queremos que os alunos aprendam a partilhar, a comunicar e a valorizar o conhecimento. O voluntariado entre alunos \u00e9 uma forma poderosa de aprendizagem m\u00fatua.\u201d<\/p>\n\n\n\n<p>Os alunos do 4.\u00ba ano acompanhados pela professora e coordenadora do estabelecimento Maria Covinha, mostraram grande entusiasmo participando ativamente na sess\u00e3o desenvolvida pelos alunos, Mariana Pereira, Carolina Velhuco, Leonor Dinis, Mariana S\u00e1, Mariana Ribeiro, Paz Mota, Luiz Cigerza, Gustavo Matos e In\u00eas Capel\u00e3o.<\/p>\n\n\n\n<p>Esta experi\u00eancia permitiu n\u00e3o s\u00f3 o <strong>refor\u00e7o das aprendizagens<\/strong>&nbsp;e a <strong>promo\u00e7\u00e3o da entreajuda<\/strong>, mas tamb\u00e9m o <strong>desenvolvimento de valores de cidadania e solidariedade<\/strong>, pilares fundamentais na forma\u00e7\u00e3o integral dos alunos.<\/p>\n\n\n\n<p>A atividade foi recebida com grande satisfa\u00e7\u00e3o por toda a comunidade escolar e demonstrou o valor do <strong>trabalho colaborativo entre ciclos<\/strong>, evidenciando que aprender tamb\u00e9m \u00e9 ensinar.<\/p>\n\n\n\n<figure class=\"wp-block-image size-medium\"><img decoding=\"async\" width=\"300\" height=\"240\" data-src=\"https:\/\/www.escolasabelheira.com\/wp-content\/uploads\/2025\/11\/Design-sem-nome-2-300x240.png\" alt=\"\" class=\"wp-image-5727 lazyload\" data-srcset=\"https:\/\/www.escolasabelheira.com\/wp-content\/uploads\/2025\/11\/Design-sem-nome-2-300x240.png 300w, https:\/\/www.escolasabelheira.com\/wp-content\/uploads\/2025\/11\/Design-sem-nome-2-1024x819.png 1024w, https:\/\/www.escolasabelheira.com\/wp-content\/uploads\/2025\/11\/Design-sem-nome-2-768x614.png 768w, https:\/\/www.escolasabelheira.com\/wp-content\/uploads\/2025\/11\/Design-sem-nome-2-1536x1229.png 1536w, https:\/\/www.escolasabelheira.com\/wp-content\/uploads\/2025\/11\/Design-sem-nome-2.png 2000w\" data-sizes=\"(max-width: 300px) 100vw, 300px\" src=\"data:image\/svg+xml;base64,PHN2ZyB3aWR0aD0iMSIgaGVpZ2h0PSIxIiB4bWxucz0iaHR0cDovL3d3dy53My5vcmcvMjAwMC9zdmciPjwvc3ZnPg==\" style=\"--smush-placeholder-width: 300px; --smush-placeholder-aspect-ratio: 300\/240;\" \/><\/figure>\n\n\n\n<p><\/p>\n\n\n\n<p><strong>Parceria entre o PES e a Equipa de Sa\u00fade Escolar do ULSAM refor\u00e7a a promo\u00e7\u00e3o da sa\u00fade no Agrupamento da Abelheira<\/strong><\/p>\n\n\n\n<p>O Programa de Educa\u00e7\u00e3o para a Sa\u00fade (PES) do nosso agrupamento refor\u00e7a, neste ano letivo, a sua parceria com a Equipa de Sa\u00fade Escolar da Unidade Local de Sa\u00fade do Alto Minho (ULSAM). Esta colabora\u00e7\u00e3o visa promover h\u00e1bitos de vida saud\u00e1veis e contribuir para o bem-estar f\u00edsico e emocional dos nossos alunos.<\/p>\n\n\n\n<p>Ao longo do ano, ser\u00e3o dinamizadas diversas iniciativas, que incluir\u00e3o, entre outras, sess\u00f5es informativas e momentos de di\u00e1logo com profissionais de sa\u00fade, permitindo aos alunos aprender de forma participativa e significativa.<\/p>\n\n\n\n<p>Com esta parceria, renovamos o compromisso de tornar a escola um espa\u00e7o promotor de sa\u00fade, cidadania e bem-estar, contribuindo para o desenvolvimento integral dos alunos.<\/p>\n\n\n\n<figure class=\"wp-block-image size-medium\"><img decoding=\"async\" width=\"300\" height=\"167\" data-src=\"https:\/\/www.escolasabelheira.com\/wp-content\/uploads\/2025\/11\/pes-1-300x167.png\" alt=\"\" class=\"wp-image-5690 lazyload\" data-srcset=\"https:\/\/www.escolasabelheira.com\/wp-content\/uploads\/2025\/11\/pes-1-300x167.png 300w, https:\/\/www.escolasabelheira.com\/wp-content\/uploads\/2025\/11\/pes-1-768x427.png 768w, https:\/\/www.escolasabelheira.com\/wp-content\/uploads\/2025\/11\/pes-1.png 956w\" data-sizes=\"(max-width: 300px) 100vw, 300px\" src=\"data:image\/svg+xml;base64,PHN2ZyB3aWR0aD0iMSIgaGVpZ2h0PSIxIiB4bWxucz0iaHR0cDovL3d3dy53My5vcmcvMjAwMC9zdmciPjwvc3ZnPg==\" style=\"--smush-placeholder-width: 300px; --smush-placeholder-aspect-ratio: 300\/167;\" \/><\/figure>\n\n\n\n<p><\/p>\n\n\n\n<p><strong>\u201cPoupar, um Compromisso com o Futuro\u201d no Agrupamento da Abelheira<\/strong><\/p>\n\n\n\n<p>No dia 31 de outubro, Dia Mundial da Poupan\u00e7a, o Agrupamento de Escolas da Abelheira juntou-se \u00e0 iniciativa nacional \u201cEducar para a Cidadania: Poupar, um Compromisso com o Futuro\u201d, promovida pelo Minist\u00e9rio da Educa\u00e7\u00e3o, Ci\u00eancia e Inova\u00e7\u00e3o.<\/p>\n\n\n\n<p>Em parceria com a Escola Superior de Tecnologia e Gest\u00e3o do IPVC, alunos do 5.\u00ba e do 7.\u00ba anos participaram em sess\u00f5es de literacia financeira, onde aprenderam a import\u00e2ncia de poupar, planear e fazer escolhas conscientes no dia a dia.<\/p>\n\n\n\n<p>Com estas atividades, o Agrupamento refor\u00e7a o compromisso de educar para a cidadania, ajudando os alunos a preparar um futuro mais respons\u00e1vel e sustent\u00e1vel.<\/p>\n\n\n\n<p>O Agrupamento agradece \u00e0 Escola Superior de Tecnologia e Gest\u00e3o pela colabora\u00e7\u00e3o que tornou esta iniciativa poss\u00edvel.<\/p>\n\n\n\n<p>A Coordenadora de Cidadania e Desenvolvimento<\/p>\n\n\n\n<figure class=\"wp-block-image size-medium is-style-default\"><img decoding=\"async\" width=\"200\" height=\"300\" data-src=\"https:\/\/www.escolasabelheira.com\/wp-content\/uploads\/2025\/11\/Design-sem-nome-1-200x300.png\" alt=\"\" class=\"wp-image-5687 lazyload\" data-srcset=\"https:\/\/www.escolasabelheira.com\/wp-content\/uploads\/2025\/11\/Design-sem-nome-1-200x300.png 200w, https:\/\/www.escolasabelheira.com\/wp-content\/uploads\/2025\/11\/Design-sem-nome-1-682x1024.png 682w, https:\/\/www.escolasabelheira.com\/wp-content\/uploads\/2025\/11\/Design-sem-nome-1-768x1152.png 768w, https:\/\/www.escolasabelheira.com\/wp-content\/uploads\/2025\/11\/Design-sem-nome-1-1024x1536.png 1024w, https:\/\/www.escolasabelheira.com\/wp-content\/uploads\/2025\/11\/Design-sem-nome-1.png 1333w\" data-sizes=\"(max-width: 200px) 100vw, 200px\" src=\"data:image\/svg+xml;base64,PHN2ZyB3aWR0aD0iMSIgaGVpZ2h0PSIxIiB4bWxucz0iaHR0cDovL3d3dy53My5vcmcvMjAwMC9zdmciPjwvc3ZnPg==\" style=\"--smush-placeholder-width: 200px; --smush-placeholder-aspect-ratio: 200\/300;\" \/><\/figure>\n\n\n\n<p class=\"has-text-align-center has-large-font-size\"><strong>Halloween<\/strong><\/p>\n\n\n\n<p>Os alunos de Ingl\u00eas do 2\u00ba ciclo participaram massivamente e de forma entusi\u00e1stica na celebra\u00e7\u00e3o do &#8220;Halloween&#8221;, data festiva marcante na cultura anglo-sax\u00f3nica.&nbsp;<\/p>\n\n\n\n<p>Os trabalhos finais n\u00e3o teriam sido poss\u00edveis sem a colabora\u00e7\u00e3o imprescind\u00edvel das fam\u00edlias envolvidas, contribuindo para a sustentabilidade ambiental, uma vez que foram predominantemente utilizados materiais reciclados. As cria\u00e7\u00f5es apresentadas primam pela criatividade e qualidade. A exposi\u00e7\u00e3o est\u00e1 patente no hall de entrada e tem tido muita aflu\u00eancia por parte da comunidade escolar.<\/p>\n\n\n\n<figure class=\"wp-block-image size-medium\"><img decoding=\"async\" width=\"200\" height=\"300\" data-src=\"https:\/\/www.escolasabelheira.com\/wp-content\/uploads\/2025\/11\/Design-sem-nome-200x300.png\" alt=\"\" class=\"wp-image-5660 lazyload\" data-srcset=\"https:\/\/www.escolasabelheira.com\/wp-content\/uploads\/2025\/11\/Design-sem-nome-200x300.png 200w, https:\/\/www.escolasabelheira.com\/wp-content\/uploads\/2025\/11\/Design-sem-nome-682x1024.png 682w, https:\/\/www.escolasabelheira.com\/wp-content\/uploads\/2025\/11\/Design-sem-nome-768x1152.png 768w, https:\/\/www.escolasabelheira.com\/wp-content\/uploads\/2025\/11\/Design-sem-nome-1024x1536.png 1024w, https:\/\/www.escolasabelheira.com\/wp-content\/uploads\/2025\/11\/Design-sem-nome.png 1333w\" data-sizes=\"(max-width: 200px) 100vw, 200px\" src=\"data:image\/svg+xml;base64,PHN2ZyB3aWR0aD0iMSIgaGVpZ2h0PSIxIiB4bWxucz0iaHR0cDovL3d3dy53My5vcmcvMjAwMC9zdmciPjwvc3ZnPg==\" style=\"--smush-placeholder-width: 200px; --smush-placeholder-aspect-ratio: 200\/300;\" \/><\/figure>\n\n\n\n<p><\/p>\n\n\n\n<p><strong>\u00c0 descoberta de abril<\/strong><\/p>\n\n\n\n<p><br>Quando a vida \u00e9 hoje marcada por uma paleta de cores vivas da democracia, a EB1 da Abelheira n\u00e3o podia deixar de comemorar a conquista da democracia e da liberdade, em mais um anivers\u00e1rio do 25 de abril.<\/p>\n\n\n\n<p>Nos dias de hoje, \u00e9 fundamental fazer os alunos sentir o que significou a revolu\u00e7\u00e3o dos cravos para o nosso pa\u00eds. Esta gera\u00e7\u00e3o e a gera\u00e7\u00e3o dos seus pais nunca viveram sen\u00e3o em democracia e em liberdade, usufruindo, com naturalidade, dos direitos conquistados em 1974.<\/p>\n\n\n\n<p>Uma iniciativa organizada pelo Centro Cultural do Alto Minho (Voz da Tribo) e o SPN.<\/p>\n\n\n\n<p>Ficam aqui alguns registos!<\/p>\n\n\n\n<p><strong>BE \u2013 EB1 Abelheira<\/strong><\/p>\n\n\n\n<div class=\"wp-block-group is-layout-grid wp-container-core-group-is-layout-9649a0d9 wp-block-group-is-layout-grid\">\n<div class=\"wp-block-group is-layout-grid wp-container-core-group-is-layout-9649a0d9 wp-block-group-is-layout-grid\">\n<figure class=\"wp-block-image size-thumbnail\"><img decoding=\"async\" width=\"150\" height=\"150\" data-src=\"https:\/\/www.escolasabelheira.com\/wp-content\/uploads\/2025\/05\/IMG_1870-150x150.jpg\" alt=\"\" class=\"wp-image-4456 lazyload\" src=\"data:image\/svg+xml;base64,PHN2ZyB3aWR0aD0iMSIgaGVpZ2h0PSIxIiB4bWxucz0iaHR0cDovL3d3dy53My5vcmcvMjAwMC9zdmciPjwvc3ZnPg==\" style=\"--smush-placeholder-width: 150px; --smush-placeholder-aspect-ratio: 150\/150;\" \/><\/figure>\n<\/div>\n\n\n\n<figure class=\"wp-block-image size-thumbnail\"><img decoding=\"async\" width=\"150\" height=\"150\" data-src=\"https:\/\/www.escolasabelheira.com\/wp-content\/uploads\/2025\/05\/IMG_1873-150x150.jpg\" alt=\"\" class=\"wp-image-4457 lazyload\" src=\"data:image\/svg+xml;base64,PHN2ZyB3aWR0aD0iMSIgaGVpZ2h0PSIxIiB4bWxucz0iaHR0cDovL3d3dy53My5vcmcvMjAwMC9zdmciPjwvc3ZnPg==\" style=\"--smush-placeholder-width: 150px; --smush-placeholder-aspect-ratio: 150\/150;\" \/><\/figure>\n\n\n\n<figure class=\"wp-block-image size-thumbnail is-resized\"><img decoding=\"async\" width=\"150\" height=\"150\" data-src=\"https:\/\/www.escolasabelheira.com\/wp-content\/uploads\/2025\/05\/IMG_1878-150x150.jpg\" alt=\"\" class=\"wp-image-4454 lazyload\" style=\"--smush-placeholder-width: 150px; --smush-placeholder-aspect-ratio: 150\/150;width:279px;height:auto\" src=\"data:image\/svg+xml;base64,PHN2ZyB3aWR0aD0iMSIgaGVpZ2h0PSIxIiB4bWxucz0iaHR0cDovL3d3dy53My5vcmcvMjAwMC9zdmciPjwvc3ZnPg==\" \/><\/figure>\n<\/div>\n\n\n\n<figure class=\"wp-block-image size-large is-resized\"><img decoding=\"async\" width=\"1024\" height=\"768\" data-src=\"https:\/\/www.escolasabelheira.com\/wp-content\/uploads\/2025\/05\/IMG_1882-1024x768.jpg\" alt=\"\" class=\"wp-image-4453 lazyload\" style=\"--smush-placeholder-width: 1024px; --smush-placeholder-aspect-ratio: 1024\/768;width:407px;height:auto\" data-srcset=\"https:\/\/www.escolasabelheira.com\/wp-content\/uploads\/2025\/05\/IMG_1882-1024x768.jpg 1024w, https:\/\/www.escolasabelheira.com\/wp-content\/uploads\/2025\/05\/IMG_1882-300x225.jpg 300w, https:\/\/www.escolasabelheira.com\/wp-content\/uploads\/2025\/05\/IMG_1882-768x576.jpg 768w, https:\/\/www.escolasabelheira.com\/wp-content\/uploads\/2025\/05\/IMG_1882-1536x1152.jpg 1536w, https:\/\/www.escolasabelheira.com\/wp-content\/uploads\/2025\/05\/IMG_1882-2048x1536.jpg 2048w\" data-sizes=\"(max-width: 1024px) 100vw, 1024px\" src=\"data:image\/svg+xml;base64,PHN2ZyB3aWR0aD0iMSIgaGVpZ2h0PSIxIiB4bWxucz0iaHR0cDovL3d3dy53My5vcmcvMjAwMC9zdmciPjwvc3ZnPg==\" \/><\/figure>\n","protected":false},"excerpt":{"rendered":"<p>Alunos e professores da Abelheira, em Albi, Fran\u00e7a em projeto Erasmus Entre os dias 12&nbsp; e 17 de abril, um grupo de quinze pessoas do nosso Agrupamento deslocou-se \u00e0 cidade francesa de Albi, para realizar um interc\u00e2mbio escolar no \u00e2mbito do programa Erasmus+, financiado pela Uni\u00e3o Europeia. Doze alunos e tr\u00eas professores estiveram na cidade, [&hellip;]<\/p>\n","protected":false},"author":1,"featured_media":4454,"parent":0,"menu_order":0,"comment_status":"closed","ping_status":"closed","template":"","meta":{"footnotes":"","_links_to":"","_links_to_target":""},"class_list":["post-2902","page","type-page","status-publish","has-post-thumbnail","hentry"],"_links":{"self":[{"href":"https:\/\/www.escolasabelheira.com\/index.php\/wp-json\/wp\/v2\/pages\/2902","targetHints":{"allow":["GET"]}}],"collection":[{"href":"https:\/\/www.escolasabelheira.com\/index.php\/wp-json\/wp\/v2\/pages"}],"about":[{"href":"https:\/\/www.escolasabelheira.com\/index.php\/wp-json\/wp\/v2\/types\/page"}],"author":[{"embeddable":true,"href":"https:\/\/www.escolasabelheira.com\/index.php\/wp-json\/wp\/v2\/users\/1"}],"replies":[{"embeddable":true,"href":"https:\/\/www.escolasabelheira.com\/index.php\/wp-json\/wp\/v2\/comments?post=2902"}],"version-history":[{"count":0,"href":"https:\/\/www.escolasabelheira.com\/index.php\/wp-json\/wp\/v2\/pages\/2902\/revisions"}],"wp:featuredmedia":[{"embeddable":true,"href":"https:\/\/www.escolasabelheira.com\/index.php\/wp-json\/wp\/v2\/media\/4454"}],"wp:attachment":[{"href":"https:\/\/www.escolasabelheira.com\/index.php\/wp-json\/wp\/v2\/media?parent=2902"}],"curies":[{"name":"wp","href":"https:\/\/api.w.org\/{rel}","templated":true}]}}